{"id":1109,"date":"2017-03-20T16:54:18","date_gmt":"2017-03-20T15:54:18","guid":{"rendered":"https:\/\/cheerup.theme-sphere.com\/magazine\/?page_id=1109"},"modified":"2022-05-23T12:53:20","modified_gmt":"2022-05-23T10:53:20","slug":"yelon-a-szuloseg-tanulhato","status":"publish","type":"page","link":"https:\/\/yelon.hu\/szuloknek\/","title":{"rendered":"Yelon &#8211; a sz\u00fcl\u0151s\u00e9g tanulhat\u00f3"},"content":{"rendered":"<p>[vc_row][vc_column width=&#8221;2\/3&#8243;]\n\t<section class=\"cf block loop-list\" data-id=\"1\">\n\t\n\t\t\t\t\n\t\t<div class=\"block-content\">\n\t\t\n\t<div class=\"posts-dynamic posts-container ts-row list count-0\">\n\t\t\t\n\t\t\t\t\t\n\t\t\t\t\t\t\n\t\t\t\t\t\t\t\n\t\t\t\t\t\t\t\t\n\t\t\t\t<div class=\"posts-wrap\">\t\t\t\t\n\t\t\t\t\t\t\n\t\t\t\t\t\t\n\t\t\t\t\t\t\t\t\n\t\t\t\t\t<div class=\"col-12\">\n\t\t\t\t\t\t\n<article id=\"post-5748\" class=\"list-post\">\n\t\n\t<div class=\"post-thumb\">\n\t\t<a href=\"https:\/\/yelon.hu\/szuloknek\/segitseg-ha-a-gyereknek-nehez-iskolaba-menni\/\" class=\"image-link\">\n\t\t\t\n\t\t\t<img width=\"270\" height=\"180\" src=\"https:\/\/yelon.hu\/szuloknek\/wp-content\/uploads\/2022\/01\/11558_223973-270x180.jpg\" class=\"attachment-cheerup-list size-cheerup-list wp-post-image\" alt=\"nem akar iskol\u00e1ba menni\" loading=\"lazy\" title=\"De akkor sem akar iskol\u00e1ba menni! Mit tegyek sz\u00fcl\u0151k\u00e9nt?\" srcset=\"https:\/\/yelon.hu\/szuloknek\/wp-content\/uploads\/2022\/01\/11558_223973-270x180.jpg 270w, https:\/\/yelon.hu\/szuloknek\/wp-content\/uploads\/2022\/01\/11558_223973-770x515.jpg 770w, https:\/\/yelon.hu\/szuloknek\/wp-content\/uploads\/2022\/01\/11558_223973-370x247.jpg 370w, https:\/\/yelon.hu\/szuloknek\/wp-content\/uploads\/2022\/01\/11558_223973-110x73.jpg 110w\" sizes=\"(max-width: 270px) 100vw, 270px\" \/>\t\t\t\n\t\t\t\n\t\t<\/a>\n\t\t\n\t\t\t<\/div>\n\n\n\t<div class=\"content\">\n\t\n\t\t\t<div class=\"post-meta post-meta-a\">\n\t\t\n\t\t\t\t\n\t\t\t<span class=\"post-cat\">\t\n\t\t\t\t\t\t\t\t\t\n\t\t<a href=\"https:\/\/yelon.hu\/szuloknek\/category\/szuloseg\/\" class=\"category\">Sz\u00fcl\u0151s\u00e9g<\/a>\n\n\t\t\t\t\t<\/span>\n\t\t\t\n\t\t\t<span class=\"meta-sep\"><\/span>\n\t\t\t\n\t\t\t\t\t\n\t\t\t\t\n\t\t\t\t\t\n\t\t\t\n\t\t\t<h2 class=\"post-title\">\n\t\t\t\t\t\t\t\n\t\t\t\t<a href=\"https:\/\/yelon.hu\/szuloknek\/segitseg-ha-a-gyereknek-nehez-iskolaba-menni\/\">De akkor sem akar iskol\u00e1ba menni! Mit tegyek sz\u00fcl\u0151k\u00e9nt?<\/a>\n\t\t\t\t\t\n\t\t\t\t\t\t\t<\/h2>\n\t\t\t\n\t\t\n\t<\/div>\t\t\n\t\t\t\t\n\t\t<div class=\"post-content post-excerpt cf\">\n\t\t\t\t\t\n\t\t\t<p>Igazi tort\u00far\u00e1t jelenthet egy reggeli k\u00e9sz\u00fcl\u0151d\u00e9s, pl\u00e1ne, ha a gyerek nem akar valami\u00e9rt iskol\u00e1ba menni. Mi lehet ennek az oka? Mit tehet\u00fcnk sz\u00fcl\u0151k\u00e9nt?<\/p>\n\t\t\t\t\n\t\t<\/div>\n\t\t\n\t\t\n\t\t\t\n\t\t\t\t\n\t<\/div> <!-- .content -->\n\n\t\n\t\t\n<\/article>\t\t\t\t\t<\/div>\n\t\t\t\t\t\n\t\t\t\t\t\t\t\t\t\n\t\t\t\t\t\t\n\t\t\t\t\t\n\t\t\t\t\t\t\n\t\t\t\t\t\t\n\t\t\t\t\t\t\t\t\n\t\t\t\t\t<div class=\"col-12\">\n\t\t\t\t\t\t\n<article id=\"post-5740\" class=\"list-post\">\n\t\n\t<div class=\"post-thumb\">\n\t\t<a href=\"https:\/\/yelon.hu\/szuloknek\/maradjunk-kivancsiak-a-jo-tanacshoz\/\" class=\"image-link\">\n\t\t\t\n\t\t\t<img width=\"270\" height=\"180\" src=\"https:\/\/yelon.hu\/szuloknek\/wp-content\/uploads\/2022\/01\/11712_236391-270x180.jpg\" class=\"attachment-cheerup-list size-cheerup-list wp-post-image\" alt=\"tan\u00e1csot adni\" loading=\"lazy\" title=\"Hogyan adjunk jobb tan\u00e1csot a gyerek\u00fcnknek?\" srcset=\"https:\/\/yelon.hu\/szuloknek\/wp-content\/uploads\/2022\/01\/11712_236391-270x180.jpg 270w, https:\/\/yelon.hu\/szuloknek\/wp-content\/uploads\/2022\/01\/11712_236391-770x515.jpg 770w, https:\/\/yelon.hu\/szuloknek\/wp-content\/uploads\/2022\/01\/11712_236391-370x247.jpg 370w, https:\/\/yelon.hu\/szuloknek\/wp-content\/uploads\/2022\/01\/11712_236391-110x73.jpg 110w\" sizes=\"(max-width: 270px) 100vw, 270px\" \/>\t\t\t\n\t\t\t\n\t\t<\/a>\n\t\t\n\t\t\t<\/div>\n\n\n\t<div class=\"content\">\n\t\n\t\t\t<div class=\"post-meta post-meta-a\">\n\t\t\n\t\t\t\t\n\t\t\t<span class=\"post-cat\">\t\n\t\t\t\t\t\t\t\t\t\n\t\t<a href=\"https:\/\/yelon.hu\/szuloknek\/category\/gyerekneveles\/\" class=\"category\">Gyereknevel\u00e9s<\/a>\n\n\t\t\t\t\t<\/span>\n\t\t\t\n\t\t\t<span class=\"meta-sep\"><\/span>\n\t\t\t\n\t\t\t\t\t\n\t\t\t\t\n\t\t\t\t\t\n\t\t\t\n\t\t\t<h2 class=\"post-title\">\n\t\t\t\t\t\t\t\n\t\t\t\t<a href=\"https:\/\/yelon.hu\/szuloknek\/maradjunk-kivancsiak-a-jo-tanacshoz\/\">Hogyan adjunk jobb tan\u00e1csot a gyerek\u00fcnknek?<\/a>\n\t\t\t\t\t\n\t\t\t\t\t\t\t<\/h2>\n\t\t\t\n\t\t\n\t<\/div>\t\t\n\t\t\t\t\n\t\t<div class=\"post-content post-excerpt cf\">\n\t\t\t\t\t\n\t\t\t<p>A jobb tan\u00e1cshoz sz\u00fcks\u00e9ges az eg\u00e9szs\u00e9ges \u00f6nreflexi\u00f3 \u00e9s az, hogy legy\u00fcnk m\u00e9g k\u00edv\u00e1ncsibbak.<\/p>\n\t\t\t\t\n\t\t<\/div>\n\t\t\n\t\t\n\t\t\t\n\t\t\t\t\n\t<\/div> <!-- .content -->\n\n\t\n\t\t\n<\/article>\t\t\t\t\t<\/div>\n\t\t\t\t\t\n\t\t\t\t\t\t\t\t\t\n\t\t\t\t\t\t\n\t\t\t\t\t\n\t\t\t\t\t\t\n\t\t\t\t\t\t\n\t\t\t\t\t\t\t\t\n\t\t\t\t\t<div class=\"col-12\">\n\t\t\t\t\t\t\n<article id=\"post-5725\" class=\"list-post\">\n\t\n\t<div class=\"post-thumb\">\n\t\t<a href=\"https:\/\/yelon.hu\/szuloknek\/digitalis-eszkozhasznalat-korlatai\/\" class=\"image-link\">\n\t\t\t\n\t\t\t<img width=\"270\" height=\"180\" src=\"https:\/\/yelon.hu\/szuloknek\/wp-content\/uploads\/2021\/12\/11558_223966-270x180.jpg\" class=\"attachment-cheerup-list size-cheerup-list wp-post-image\" alt=\"\" loading=\"lazy\" title=\"Digit\u00e1lis eszk\u00f6z\u00f6k \u2013 mit kezdj\u00fcnk vel\u00fck sz\u00fcl\u0151k\u00e9nt?\" srcset=\"https:\/\/yelon.hu\/szuloknek\/wp-content\/uploads\/2021\/12\/11558_223966-270x180.jpg 270w, https:\/\/yelon.hu\/szuloknek\/wp-content\/uploads\/2021\/12\/11558_223966-770x515.jpg 770w, https:\/\/yelon.hu\/szuloknek\/wp-content\/uploads\/2021\/12\/11558_223966-370x247.jpg 370w, https:\/\/yelon.hu\/szuloknek\/wp-content\/uploads\/2021\/12\/11558_223966-110x73.jpg 110w\" sizes=\"(max-width: 270px) 100vw, 270px\" \/>\t\t\t\n\t\t\t\n\t\t<\/a>\n\t\t\n\t\t\t<\/div>\n\n\n\t<div class=\"content\">\n\t\n\t\t\t<div class=\"post-meta post-meta-a\">\n\t\t\n\t\t\t\t\n\t\t\t<span class=\"post-cat\">\t\n\t\t\t\t\t\t\t\t\t\n\t\t<a href=\"https:\/\/yelon.hu\/szuloknek\/category\/online-digitalis-szuloseg\/\" class=\"category\">Online<\/a>\n\n\t\t\t\t\t<\/span>\n\t\t\t\n\t\t\t<span class=\"meta-sep\"><\/span>\n\t\t\t\n\t\t\t\t\t\n\t\t\t\t\n\t\t\t\t\t\n\t\t\t\n\t\t\t<h2 class=\"post-title\">\n\t\t\t\t\t\t\t\n\t\t\t\t<a href=\"https:\/\/yelon.hu\/szuloknek\/digitalis-eszkozhasznalat-korlatai\/\">Digit\u00e1lis eszk\u00f6z\u00f6k \u2013 mit kezdj\u00fcnk vel\u00fck sz\u00fcl\u0151k\u00e9nt?<\/a>\n\t\t\t\t\t\n\t\t\t\t\t\t\t<\/h2>\n\t\t\t\n\t\t\n\t<\/div>\t\t\n\t\t\t\t\n\t\t<div class=\"post-content post-excerpt cf\">\n\t\t\t\t\t\n\t\t\t<p>Kell-e szab\u00e1lyozni a k\u00fcty\u00fchaszn\u00e1latot? Mi lenne az optim\u00e1lis id\u0151? Fontos, hogy legyenek keretei, amik mind a sz\u00fcl\u0151knek, mind a gyereknek seg\u00edt\u0151 t\u00e1mpontot jelentenek.<\/p>\n\t\t\t\t\n\t\t<\/div>\n\t\t\n\t\t\n\t\t\t\n\t\t\t\t\n\t<\/div> <!-- .content -->\n\n\t\n\t\t\n<\/article>\t\t\t\t\t<\/div>\n\t\t\t\t\t\n\t\t\t\t\t\t\t\t\t\n\t\t\t\t\t\t\n\t\t\t\t\t\n\t\t\t\t\t\t\n\t\t\t\t\t\t\n\t\t\t\t\t\t\t\t\n\t\t\t\t\t<div class=\"col-12\">\n\t\t\t\t\t\t\n<article id=\"post-5713\" class=\"list-post\">\n\t\n\t<div class=\"post-thumb\">\n\t\t<a href=\"https:\/\/yelon.hu\/szuloknek\/posztolas-vs-egyutt-toltott-ido\/\" class=\"image-link\">\n\t\t\t\n\t\t\t<img width=\"270\" height=\"180\" src=\"https:\/\/yelon.hu\/szuloknek\/wp-content\/uploads\/2021\/12\/fotozas-270x180.jpg\" class=\"attachment-cheerup-list size-cheerup-list wp-post-image\" alt=\"posztolas-vs-egyutt-toltott-ido\" loading=\"lazy\" title=\"Posztol\u00e1s vs. egy\u00fctt t\u00f6lt\u00f6tt id\u0151 &#8211; hol a hat\u00e1r?\" srcset=\"https:\/\/yelon.hu\/szuloknek\/wp-content\/uploads\/2021\/12\/fotozas-270x180.jpg 270w, https:\/\/yelon.hu\/szuloknek\/wp-content\/uploads\/2021\/12\/fotozas-370x247.jpg 370w, https:\/\/yelon.hu\/szuloknek\/wp-content\/uploads\/2021\/12\/fotozas-110x73.jpg 110w\" sizes=\"(max-width: 270px) 100vw, 270px\" \/>\t\t\t\n\t\t\t\n\t\t<\/a>\n\t\t\n\t\t\t<\/div>\n\n\n\t<div class=\"content\">\n\t\n\t\t\t<div class=\"post-meta post-meta-a\">\n\t\t\n\t\t\t\t\n\t\t\t<span class=\"post-cat\">\t\n\t\t\t\t\t\t\t\t\t\n\t\t<a href=\"https:\/\/yelon.hu\/szuloknek\/category\/online-digitalis-szuloseg\/\" class=\"category\">Online<\/a>\n\n\t\t\t\t\t<\/span>\n\t\t\t\n\t\t\t<span class=\"meta-sep\"><\/span>\n\t\t\t\n\t\t\t\t\t\n\t\t\t\t\n\t\t\t\t\t\n\t\t\t\n\t\t\t<h2 class=\"post-title\">\n\t\t\t\t\t\t\t\n\t\t\t\t<a href=\"https:\/\/yelon.hu\/szuloknek\/posztolas-vs-egyutt-toltott-ido\/\">Posztol\u00e1s vs. egy\u00fctt t\u00f6lt\u00f6tt id\u0151 &#8211; hol a hat\u00e1r?<\/a>\n\t\t\t\t\t\n\t\t\t\t\t\t\t<\/h2>\n\t\t\t\n\t\t\n\t<\/div>\t\t\n\t\t\t\t\n\t\t<div class=\"post-content post-excerpt cf\">\n\t\t\t\t\t\n\t\t\t<p>Term\u00e9szetes, ha b\u00fcszk\u00e9k vagyunk a gyerek\u00fcnkre \u00e9s ezt megosztan\u00e1nk a vil\u00e1ggal. De fontos, hogy megtal\u00e1ljuk ebben a hat\u00e1rt a gyerek\u00fcnk v\u00e9delme \u00e9rdek\u00e9ben.<\/p>\n\t\t\t\t\n\t\t<\/div>\n\t\t\n\t\t\n\t\t\t\n\t\t\t\t\n\t<\/div> <!-- .content -->\n\n\t\n\t\t\n<\/article>\t\t\t\t\t<\/div>\n\t\t\t\t\t\n\t\t\t\t\t\t\t\t\t\n\t\t\t\t\t\t\n\t\t\t\t\t\n\t\t\t\t\t\t\n\t\t\t\t\t\t\n\t\t\t\t\t\t\t\t\n\t\t\t\t\t<div class=\"col-12\">\n\t\t\t\t\t\t\n<article id=\"post-5694\" class=\"list-post\">\n\t\n\t<div class=\"post-thumb\">\n\t\t<a href=\"https:\/\/yelon.hu\/szuloknek\/lelki-egeszseg-a-kiegyensulyozott-parkapcsolat-titka\/\" class=\"image-link\">\n\t\t\t\n\t\t\t<img width=\"270\" height=\"180\" src=\"https:\/\/yelon.hu\/szuloknek\/wp-content\/uploads\/2021\/12\/mohamed-nohassi-odxB5oIG_iA-unsplash-270x180.jpg\" class=\"attachment-cheerup-list size-cheerup-list wp-post-image\" alt=\"lelki egeszseg\" loading=\"lazy\" title=\"Lelki eg\u00e9szs\u00e9g a kiegyens\u00falyozott p\u00e1rkapcsolat titka\" srcset=\"https:\/\/yelon.hu\/szuloknek\/wp-content\/uploads\/2021\/12\/mohamed-nohassi-odxB5oIG_iA-unsplash-270x180.jpg 270w, https:\/\/yelon.hu\/szuloknek\/wp-content\/uploads\/2021\/12\/mohamed-nohassi-odxB5oIG_iA-unsplash-300x200.jpg 300w, https:\/\/yelon.hu\/szuloknek\/wp-content\/uploads\/2021\/12\/mohamed-nohassi-odxB5oIG_iA-unsplash-1024x683.jpg 1024w, https:\/\/yelon.hu\/szuloknek\/wp-content\/uploads\/2021\/12\/mohamed-nohassi-odxB5oIG_iA-unsplash-768x512.jpg 768w, https:\/\/yelon.hu\/szuloknek\/wp-content\/uploads\/2021\/12\/mohamed-nohassi-odxB5oIG_iA-unsplash-1536x1024.jpg 1536w, https:\/\/yelon.hu\/szuloknek\/wp-content\/uploads\/2021\/12\/mohamed-nohassi-odxB5oIG_iA-unsplash-770x515.jpg 770w, https:\/\/yelon.hu\/szuloknek\/wp-content\/uploads\/2021\/12\/mohamed-nohassi-odxB5oIG_iA-unsplash-370x247.jpg 370w, https:\/\/yelon.hu\/szuloknek\/wp-content\/uploads\/2021\/12\/mohamed-nohassi-odxB5oIG_iA-unsplash-110x73.jpg 110w\" sizes=\"(max-width: 270px) 100vw, 270px\" \/>\t\t\t\n\t\t\t\n\t\t<\/a>\n\t\t\n\t\t\t<\/div>\n\n\n\t<div class=\"content\">\n\t\n\t\t\t<div class=\"post-meta post-meta-a\">\n\t\t\n\t\t\t\t\n\t\t\t<span class=\"post-cat\">\t\n\t\t\t\t\t\t\t\t\t\n\t\t<a href=\"https:\/\/yelon.hu\/szuloknek\/category\/szuloseg\/\" class=\"category\">Sz\u00fcl\u0151s\u00e9g<\/a>\n\n\t\t\t\t\t<\/span>\n\t\t\t\n\t\t\t<span class=\"meta-sep\"><\/span>\n\t\t\t\n\t\t\t\t\t\n\t\t\t\t\n\t\t\t\t\t\n\t\t\t\n\t\t\t<h2 class=\"post-title\">\n\t\t\t\t\t\t\t\n\t\t\t\t<a href=\"https:\/\/yelon.hu\/szuloknek\/lelki-egeszseg-a-kiegyensulyozott-parkapcsolat-titka\/\">Lelki eg\u00e9szs\u00e9g a kiegyens\u00falyozott p\u00e1rkapcsolat titka<\/a>\n\t\t\t\t\t\n\t\t\t\t\t\t\t<\/h2>\n\t\t\t\n\t\t\n\t<\/div>\t\t\n\t\t\t\t\n\t\t<div class=\"post-content post-excerpt cf\">\n\t\t\t\t\t\n\t\t\t<p>\u00c9szrevetted m\u00e1r, hogy amikor j\u00f3 napod van, a p\u00e1rod is der\u0171sebb lesz? \u00c9s ha neki van j\u00f3 kedve, az&hellip;<\/p>\n\t\t\t\t\n\t\t<\/div>\n\t\t\n\t\t\n\t\t\t\n\t\t\t\t\n\t<\/div> <!-- .content -->\n\n\t\n\t\t\n<\/article>\t\t\t\t\t<\/div>\n\t\t\t\t\t\n\t\t\t\t\t\t\t\t\t\n\t\t\t\t\t\t\n\t\t\t\t\t\n\t\t\t\t\t\t\n\t\t\t\t\t\t\n\t\t\t\t\t\t\t\t\n\t\t\t\t\t<div class=\"col-12\">\n\t\t\t\t\t\t\n<article id=\"post-5684\" class=\"list-post\">\n\t\n\t<div class=\"post-thumb\">\n\t\t<a href=\"https:\/\/yelon.hu\/szuloknek\/a-kozos-program-ereje\/\" class=\"image-link\">\n\t\t\t\n\t\t\t<img width=\"270\" height=\"180\" src=\"https:\/\/yelon.hu\/szuloknek\/wp-content\/uploads\/2021\/12\/everton-vila-AsahNlC0VhQ-unsplash-270x180.jpg\" class=\"attachment-cheerup-list size-cheerup-list wp-post-image\" alt=\"a kozos program\" loading=\"lazy\" title=\"A k\u00f6z\u00f6s program ereje &#8211; legyen  id\u0151t\u00f6k egym\u00e1sra!\" srcset=\"https:\/\/yelon.hu\/szuloknek\/wp-content\/uploads\/2021\/12\/everton-vila-AsahNlC0VhQ-unsplash-270x180.jpg 270w, https:\/\/yelon.hu\/szuloknek\/wp-content\/uploads\/2021\/12\/everton-vila-AsahNlC0VhQ-unsplash-300x200.jpg 300w, https:\/\/yelon.hu\/szuloknek\/wp-content\/uploads\/2021\/12\/everton-vila-AsahNlC0VhQ-unsplash-1024x683.jpg 1024w, https:\/\/yelon.hu\/szuloknek\/wp-content\/uploads\/2021\/12\/everton-vila-AsahNlC0VhQ-unsplash-768x512.jpg 768w, https:\/\/yelon.hu\/szuloknek\/wp-content\/uploads\/2021\/12\/everton-vila-AsahNlC0VhQ-unsplash-1536x1024.jpg 1536w, https:\/\/yelon.hu\/szuloknek\/wp-content\/uploads\/2021\/12\/everton-vila-AsahNlC0VhQ-unsplash-770x515.jpg 770w, https:\/\/yelon.hu\/szuloknek\/wp-content\/uploads\/2021\/12\/everton-vila-AsahNlC0VhQ-unsplash-370x247.jpg 370w, https:\/\/yelon.hu\/szuloknek\/wp-content\/uploads\/2021\/12\/everton-vila-AsahNlC0VhQ-unsplash-110x73.jpg 110w\" sizes=\"(max-width: 270px) 100vw, 270px\" \/>\t\t\t\n\t\t\t\n\t\t<\/a>\n\t\t\n\t\t\t<\/div>\n\n\n\t<div class=\"content\">\n\t\n\t\t\t<div class=\"post-meta post-meta-a\">\n\t\t\n\t\t\t\t\n\t\t\t<span class=\"post-cat\">\t\n\t\t\t\t\t\t\t\t\t\n\t\t<a href=\"https:\/\/yelon.hu\/szuloknek\/category\/szuloseg\/\" class=\"category\">Sz\u00fcl\u0151s\u00e9g<\/a>\n\n\t\t\t\t\t<\/span>\n\t\t\t\n\t\t\t<span class=\"meta-sep\"><\/span>\n\t\t\t\n\t\t\t\t\t\n\t\t\t\t\n\t\t\t\t\t\n\t\t\t\n\t\t\t<h2 class=\"post-title\">\n\t\t\t\t\t\t\t\n\t\t\t\t<a href=\"https:\/\/yelon.hu\/szuloknek\/a-kozos-program-ereje\/\">A k\u00f6z\u00f6s program ereje &#8211; legyen  id\u0151t\u00f6k egym\u00e1sra!<\/a>\n\t\t\t\t\t\n\t\t\t\t\t\t\t<\/h2>\n\t\t\t\n\t\t\n\t<\/div>\t\t\n\t\t\t\t\n\t\t<div class=\"post-content post-excerpt cf\">\n\t\t\t\t\t\n\t\t\t<p>Ha tal\u00e1lkozunk egy ismer\u0151ssel \u00e9s megk\u00e9rdezz\u00fck, hogy mi \u00fajs\u00e1g vele, gyakran az a v\u00e1lasz, hogy \u201efolyton csak a rohan\u00e1s\u201d.&hellip;<\/p>\n\t\t\t\t\n\t\t<\/div>\n\t\t\n\t\t\n\t\t\t\n\t\t\t\t\n\t<\/div> <!-- .content -->\n\n\t\n\t\t\n<\/article>\t\t\t\t\t<\/div>\n\t\t\t\t\t\n\t\t\t\t\t\t\t\t\t\n\t\t\t\t\t\t\n\t\t\t\t\t\n\t\t\t\t\t\t\n\t\t\t\t\t\t\n\t\t\t\t\t\t\t\t\n\t\t\t\t\t<div class=\"col-12\">\n\t\t\t\t\t\t\n<article id=\"post-5679\" class=\"list-post\">\n\t\n\t<div class=\"post-thumb\">\n\t\t<a href=\"https:\/\/yelon.hu\/szuloknek\/igy-kezeld-a-parkapcsolati-konfliktust\/\" class=\"image-link\">\n\t\t\t\n\t\t\t<img width=\"270\" height=\"180\" src=\"https:\/\/yelon.hu\/szuloknek\/wp-content\/uploads\/2021\/12\/photo-1560090628-5fa60a573240-270x180.jpg\" class=\"attachment-cheerup-list size-cheerup-list wp-post-image\" alt=\"parkapcsolati konfliktusok\" loading=\"lazy\" title=\"Konfliktusok, vit\u00e1k &#8211; a p\u00e1rkapcsolati mindennapok r\u00e9szei\" srcset=\"https:\/\/yelon.hu\/szuloknek\/wp-content\/uploads\/2021\/12\/photo-1560090628-5fa60a573240-270x180.jpg 270w, https:\/\/yelon.hu\/szuloknek\/wp-content\/uploads\/2021\/12\/photo-1560090628-5fa60a573240-770x515.jpg 770w, https:\/\/yelon.hu\/szuloknek\/wp-content\/uploads\/2021\/12\/photo-1560090628-5fa60a573240-370x247.jpg 370w, https:\/\/yelon.hu\/szuloknek\/wp-content\/uploads\/2021\/12\/photo-1560090628-5fa60a573240-110x73.jpg 110w\" sizes=\"(max-width: 270px) 100vw, 270px\" \/>\t\t\t\n\t\t\t\n\t\t<\/a>\n\t\t\n\t\t\t<\/div>\n\n\n\t<div class=\"content\">\n\t\n\t\t\t<div class=\"post-meta post-meta-a\">\n\t\t\n\t\t\t\t\n\t\t\t<span class=\"post-cat\">\t\n\t\t\t\t\t\t\t\t\t\n\t\t<a href=\"https:\/\/yelon.hu\/szuloknek\/category\/szuloseg\/\" class=\"category\">Sz\u00fcl\u0151s\u00e9g<\/a>\n\n\t\t\t\t\t<\/span>\n\t\t\t\n\t\t\t<span class=\"meta-sep\"><\/span>\n\t\t\t\n\t\t\t\t\t\n\t\t\t\t\n\t\t\t\t\t\n\t\t\t\n\t\t\t<h2 class=\"post-title\">\n\t\t\t\t\t\t\t\n\t\t\t\t<a href=\"https:\/\/yelon.hu\/szuloknek\/igy-kezeld-a-parkapcsolati-konfliktust\/\">Konfliktusok, vit\u00e1k &#8211; a p\u00e1rkapcsolati mindennapok r\u00e9szei<\/a>\n\t\t\t\t\t\n\t\t\t\t\t\t\t<\/h2>\n\t\t\t\n\t\t\n\t<\/div>\t\t\n\t\t\t\t\n\t\t<div class=\"post-content post-excerpt cf\">\n\t\t\t\t\t\n\t\t\t<p>\u00d6sszet\u0171z\u00e9sbe keveredtetek a p\u00e1roddal? P\u00e1nikra semmi ok! A konfliktusok a p\u00e1rkapcsolatok term\u00e9szetes velej\u00e1r\u00f3i. Ha egy\u00fcttm\u0171k\u00f6dve pr\u00f3b\u00e1lj\u00e1tok megoldani ezeket, akkor&hellip;<\/p>\n\t\t\t\t\n\t\t<\/div>\n\t\t\n\t\t\n\t\t\t\n\t\t\t\t\n\t<\/div> <!-- .content -->\n\n\t\n\t\t\n<\/article>\t\t\t\t\t<\/div>\n\t\t\t\t\t\n\t\t\t\t\t\t\t\t\t\n\t\t\t\t\t\t\n\t\t\t\t\t\n\t\t\t\t\t\t\n\t\t\t\t\t\t\n\t\t\t\t\t\t\t\t\n\t\t\t\t\t<div class=\"col-12\">\n\t\t\t\t\t\t\n<article id=\"post-5676\" class=\"list-post\">\n\t\n\t<div class=\"post-thumb\">\n\t\t<a href=\"https:\/\/yelon.hu\/szuloknek\/a-beszelgetes-szerepe-a-parkapcsolatban\/\" class=\"image-link\">\n\t\t\t\n\t\t\t<img width=\"270\" height=\"180\" src=\"https:\/\/yelon.hu\/szuloknek\/wp-content\/uploads\/2021\/12\/brett-jordan-POMpXtcVYHo-unsplash-270x180.jpg\" class=\"attachment-cheerup-list size-cheerup-list wp-post-image\" alt=\"beszelgetes a parkapcsolatban\" loading=\"lazy\" title=\"A besz\u00e9lget\u00e9s szerepe a p\u00e1rkapcsolatban\" srcset=\"https:\/\/yelon.hu\/szuloknek\/wp-content\/uploads\/2021\/12\/brett-jordan-POMpXtcVYHo-unsplash-270x180.jpg 270w, https:\/\/yelon.hu\/szuloknek\/wp-content\/uploads\/2021\/12\/brett-jordan-POMpXtcVYHo-unsplash-770x515.jpg 770w, https:\/\/yelon.hu\/szuloknek\/wp-content\/uploads\/2021\/12\/brett-jordan-POMpXtcVYHo-unsplash-370x247.jpg 370w, https:\/\/yelon.hu\/szuloknek\/wp-content\/uploads\/2021\/12\/brett-jordan-POMpXtcVYHo-unsplash-110x73.jpg 110w\" sizes=\"(max-width: 270px) 100vw, 270px\" \/>\t\t\t\n\t\t\t\n\t\t<\/a>\n\t\t\n\t\t\t<\/div>\n\n\n\t<div class=\"content\">\n\t\n\t\t\t<div class=\"post-meta post-meta-a\">\n\t\t\n\t\t\t\t\n\t\t\t<span class=\"post-cat\">\t\n\t\t\t\t\t\t\t\t\t\n\t\t<a href=\"https:\/\/yelon.hu\/szuloknek\/category\/szuloseg\/\" class=\"category\">Sz\u00fcl\u0151s\u00e9g<\/a>\n\n\t\t\t\t\t<\/span>\n\t\t\t\n\t\t\t<span class=\"meta-sep\"><\/span>\n\t\t\t\n\t\t\t\t\t\n\t\t\t\t\n\t\t\t\t\t\n\t\t\t\n\t\t\t<h2 class=\"post-title\">\n\t\t\t\t\t\t\t\n\t\t\t\t<a href=\"https:\/\/yelon.hu\/szuloknek\/a-beszelgetes-szerepe-a-parkapcsolatban\/\">A besz\u00e9lget\u00e9s szerepe a p\u00e1rkapcsolatban<\/a>\n\t\t\t\t\t\n\t\t\t\t\t\t\t<\/h2>\n\t\t\t\n\t\t\n\t<\/div>\t\t\n\t\t\t\t\n\t\t<div class=\"post-content post-excerpt cf\">\n\t\t\t\t\t\n\t\t\t<p>Hogyan besz\u00e9lj\u00fcnk a partner\u00fcnkkel? \u00c9s hogyan ne besz\u00e9lj\u00fcnk vele? Mi\u00e9rt fontos, hogy a napi k\u00f6zlend\u0151k\u00f6n t\u00fal igazi besz\u00e9lget\u00e9s is&hellip;<\/p>\n\t\t\t\t\n\t\t<\/div>\n\t\t\n\t\t\n\t\t\t\n\t\t\t\t\n\t<\/div> <!-- .content -->\n\n\t\n\t\t\n<\/article>\t\t\t\t\t<\/div>\n\t\t\t\t\t\n\t\t\t\t\t\t\t\t\t\n\t\t\t\t\t\t\n\t\t\t\t\n\t\t<\/div>\n\t<\/div>\n\t\n\t\n\t\t\t<\/div>\n\t\n\t<\/section>\n\n\n<div class=\"block\">\n\t\n\t\t<div class=\"widget widget-a-wrap\">\n\t\t\t\t\t\t\n\t\t\t<div class=\"the-wrap\">\n\t\t\t\t<div class=\"item\"><a href=\"https:\/\/hintalovon.hu\/termek\/hogyan-legyel-eleg-jo-digitalis-szulo-7-napos-email-kurzus\/\"> <img src=\"https:\/\/yelon.hu\/szuloknek\/wp-content\/uploads\/2020\/11\/onlineszuloseg_mockupACB.png\" \/> <\/a><\/div>\t\t\t<\/div>\n\n\t\t\n\t\t<\/div>\t\t\n\t\t<\/div>\n\n\n\t<section class=\"cf block loop-list\" data-id=\"2\">\n\t\n\t\t\n\t\t\t\t\t\n\t\t\t<div class=\"block-head-b\">\n\t\t\t\t<h4 class=\"title\"><a href=\"https:\/\/yelon.hu\/szuloknek\/tag\/gyerekjog\/\">gyerekjog<\/a><\/h4>\n\t\t\t\t\t\t\t\t\t\n\t\t\t\t\t\t\t\t\n\t\t\t\t\t\t\t\n\t\t\t<\/div>\t\n\t\t\t\n\t\t\n\t\t\t\t\n\t\t\t\t\n\t\t<div class=\"block-content\">\n\t\t\n\t<div class=\"posts-dynamic posts-container ts-row list count-0\">\n\t\t\t\n\t\t\t\t\t\n\t\t\t\t\t\t\n\t\t\t\t\t\t\t\n\t\t\t\t\t\t\t\t\n\t\t\t\t<div class=\"posts-wrap\">\t\t\t\t\n\t\t\t\t\t\t\n\t\t\t\t\t\t\n\t\t\t\t\t\t\t\t\n\t\t\t\t\t<div class=\"col-12\">\n\t\t\t\t\t\t\n<article id=\"post-5607\" class=\"list-post\">\n\t\n\t<div class=\"post-thumb\">\n\t\t<a href=\"https:\/\/yelon.hu\/szuloknek\/valas-utan-szulotarsak\/\" class=\"image-link\">\n\t\t\t\n\t\t\t<img width=\"270\" height=\"180\" src=\"https:\/\/yelon.hu\/szuloknek\/wp-content\/uploads\/2021\/07\/valas-utan-gyerekkel-photo-270x180.jpg\" class=\"attachment-cheerup-list size-cheerup-list wp-post-image\" alt=\"Kommunik\u00e1ci\u00f3 v\u00e1l\u00e1s ut\u00e1n gyerekkel\" loading=\"lazy\" title=\"J\u00f3 kommunik\u00e1ci\u00f3val a h\u00e1zast\u00e1rsak a v\u00e1l\u00e1s ut\u00e1n sz\u00fcl\u0151t\u00e1rsakk\u00e1 v\u00e1lhatnak\" srcset=\"https:\/\/yelon.hu\/szuloknek\/wp-content\/uploads\/2021\/07\/valas-utan-gyerekkel-photo-270x180.jpg 270w, https:\/\/yelon.hu\/szuloknek\/wp-content\/uploads\/2021\/07\/valas-utan-gyerekkel-photo-300x200.jpg 300w, https:\/\/yelon.hu\/szuloknek\/wp-content\/uploads\/2021\/07\/valas-utan-gyerekkel-photo-1024x683.jpg 1024w, https:\/\/yelon.hu\/szuloknek\/wp-content\/uploads\/2021\/07\/valas-utan-gyerekkel-photo-768x512.jpg 768w, https:\/\/yelon.hu\/szuloknek\/wp-content\/uploads\/2021\/07\/valas-utan-gyerekkel-photo-1536x1024.jpg 1536w, https:\/\/yelon.hu\/szuloknek\/wp-content\/uploads\/2021\/07\/valas-utan-gyerekkel-photo-770x515.jpg 770w, https:\/\/yelon.hu\/szuloknek\/wp-content\/uploads\/2021\/07\/valas-utan-gyerekkel-photo-370x247.jpg 370w, https:\/\/yelon.hu\/szuloknek\/wp-content\/uploads\/2021\/07\/valas-utan-gyerekkel-photo-110x73.jpg 110w\" sizes=\"(max-width: 270px) 100vw, 270px\" \/>\t\t\t\n\t\t\t\n\t\t<\/a>\n\t\t\n\t\t\t<\/div>\n\n\n\t<div class=\"content\">\n\t\n\t\t\t<div class=\"post-meta post-meta-a\">\n\t\t\n\t\t\t\t\n\t\t\t<span class=\"post-cat\">\t\n\t\t\t\t\t\t\t\t\t\n\t\t<a href=\"https:\/\/yelon.hu\/szuloknek\/category\/gyerekneveles\/\" class=\"category\">Gyereknevel\u00e9s<\/a>\n\n\t\t\t\t\t<\/span>\n\t\t\t\n\t\t\t<span class=\"meta-sep\"><\/span>\n\t\t\t\n\t\t\t\t\t\n\t\t\t\t\n\t\t\t\t\t\n\t\t\t\n\t\t\t<h2 class=\"post-title\">\n\t\t\t\t\t\t\t\n\t\t\t\t<a href=\"https:\/\/yelon.hu\/szuloknek\/valas-utan-szulotarsak\/\">J\u00f3 kommunik\u00e1ci\u00f3val a h\u00e1zast\u00e1rsak a v\u00e1l\u00e1s ut\u00e1n sz\u00fcl\u0151t\u00e1rsakk\u00e1 v\u00e1lhatnak<\/a>\n\t\t\t\t\t\n\t\t\t\t\t\t\t<\/h2>\n\t\t\t\n\t\t\n\t<\/div>\t\t\n\t\t\t\t\n\t\t<div class=\"post-content post-excerpt cf\">\n\t\t\t\t\t\n\t\t\t<p>Ha gyereked van, \u00e9s v\u00e1lni k\u00e9sz\u00fclsz vagy m\u00e1r el is v\u00e1lt\u00e1l, \u00e9s nem tudod, hogyan tehetn\u00e9d k\u00f6nnyebb\u00e9 a helyzet\u00e9t, j\u00f3, ha tudod: sz\u00fcl\u0151k\u00e9nt a legt\u00f6bbet akkor teszed \u00e9rte, ha h\u00e1zast\u00e1rsakb\u00f3l sz\u00fcl\u0151t\u00e1rsakk\u00e1 v\u00e1ltok, \u00e9s tov\u00e1bbra is r\u00e9szt vesztek a gyereketek \u00e9let\u00e9ben.<\/p>\n\t\t\t\t\n\t\t<\/div>\n\t\t\n\t\t\n\t\t\t\n\t\t\t\t\n\t<\/div> <!-- .content -->\n\n\t\n\t\t\n<\/article>\t\t\t\t\t<\/div>\n\t\t\t\t\t\n\t\t\t\t\t\t\t\t\t\n\t\t\t\t\t\t\n\t\t\t\t\t\n\t\t\t\t\t\t\n\t\t\t\t\t\t\n\t\t\t\t\t\t\t\t\n\t\t\t\t\t<div class=\"col-12\">\n\t\t\t\t\t\t\n<article id=\"post-4936\" class=\"list-post\">\n\t\n\t<div class=\"post-thumb\">\n\t\t<a href=\"https:\/\/yelon.hu\/szuloknek\/gyerekjogok-az-ovodaban\/\" class=\"image-link\">\n\t\t\t\n\t\t\t<img width=\"270\" height=\"180\" src=\"https:\/\/yelon.hu\/szuloknek\/wp-content\/uploads\/2020\/08\/ovoda-gyerekjogok-270x180.jpg\" class=\"attachment-cheerup-list size-cheerup-list wp-post-image\" alt=\"Gyerekjogok az \u00f3vod\u00e1ban\" loading=\"lazy\" title=\"Gyerekjogok az \u00f3vod\u00e1ban: mik ezek, \u00e9s mi\u00e9rt fontosak?\" srcset=\"https:\/\/yelon.hu\/szuloknek\/wp-content\/uploads\/2020\/08\/ovoda-gyerekjogok-270x180.jpg 270w, https:\/\/yelon.hu\/szuloknek\/wp-content\/uploads\/2020\/08\/ovoda-gyerekjogok-300x200.jpg 300w, https:\/\/yelon.hu\/szuloknek\/wp-content\/uploads\/2020\/08\/ovoda-gyerekjogok-1024x683.jpg 1024w, https:\/\/yelon.hu\/szuloknek\/wp-content\/uploads\/2020\/08\/ovoda-gyerekjogok-768x512.jpg 768w, https:\/\/yelon.hu\/szuloknek\/wp-content\/uploads\/2020\/08\/ovoda-gyerekjogok-1536x1024.jpg 1536w, https:\/\/yelon.hu\/szuloknek\/wp-content\/uploads\/2020\/08\/ovoda-gyerekjogok-770x515.jpg 770w, https:\/\/yelon.hu\/szuloknek\/wp-content\/uploads\/2020\/08\/ovoda-gyerekjogok-370x247.jpg 370w, https:\/\/yelon.hu\/szuloknek\/wp-content\/uploads\/2020\/08\/ovoda-gyerekjogok-110x73.jpg 110w\" sizes=\"(max-width: 270px) 100vw, 270px\" \/>\t\t\t\n\t\t\t\n\t\t<\/a>\n\t\t\n\t\t\t<\/div>\n\n\n\t<div class=\"content\">\n\t\n\t\t\t<div class=\"post-meta post-meta-a\">\n\t\t\n\t\t\t\t\n\t\t\t<span class=\"post-cat\">\t\n\t\t\t\t\t\t\t\t\t\n\t\t<a href=\"https:\/\/yelon.hu\/szuloknek\/category\/vilag\/\" class=\"category\">Vil\u00e1g<\/a>\n\n\t\t\t\t\t<\/span>\n\t\t\t\n\t\t\t<span class=\"meta-sep\"><\/span>\n\t\t\t\n\t\t\t\t\t\n\t\t\t\t\n\t\t\t\t\t\n\t\t\t\n\t\t\t<h2 class=\"post-title\">\n\t\t\t\t\t\t\t\n\t\t\t\t<a href=\"https:\/\/yelon.hu\/szuloknek\/gyerekjogok-az-ovodaban\/\">Gyerekjogok az \u00f3vod\u00e1ban: mik ezek, \u00e9s mi\u00e9rt fontosak?<\/a>\n\t\t\t\t\t\n\t\t\t\t\t\t\t<\/h2>\n\t\t\t\n\t\t\n\t<\/div>\t\t\n\t\t\t\t\n\t\t<div class=\"post-content post-excerpt cf\">\n\t\t\t\t\t\n\t\t\t<p>Lehet k\u00f6telez\u0151 a d\u00e9lut\u00e1ni alv\u00e1s? Sz\u00fcks\u00e9ges a t\u00f6bbiek el\u0151tt vetk\u0151zni? Mi kell az eg\u00e9szs\u00e9ges \u00e9s biztons\u00e1gos fejl\u0151d\u00e9shez? Hogyan el\u0151zhet\u0151 meg a b\u00e1ntalmaz\u00e1s? Ismerd meg a legfontosabb gyerekjogokat!<\/p>\n\t\t\t\t\n\t\t<\/div>\n\t\t\n\t\t\n\t\t\t\n\t\t\t\t\n\t<\/div> <!-- .content -->\n\n\t\n\t\t\n<\/article>\t\t\t\t\t<\/div>\n\t\t\t\t\t\n\t\t\t\t\t\t\t\t\t\n\t\t\t\t\t\t\n\t\t\t\t\t\n\t\t\t\t\t\t\n\t\t\t\t\t\t\n\t\t\t\t\t\t\t\t\n\t\t\t\t\t<div class=\"col-12\">\n\t\t\t\t\t\t\n<article id=\"post-4887\" class=\"list-post\">\n\t\n\t<div class=\"post-thumb\">\n\t\t<a href=\"https:\/\/yelon.hu\/szuloknek\/gyerekeknek-a-gyerekjogokrol\/\" class=\"image-link\">\n\t\t\t\n\t\t\t<img width=\"270\" height=\"180\" src=\"https:\/\/yelon.hu\/szuloknek\/wp-content\/uploads\/2020\/07\/gyerekek-gyerekjogok-igy-beszelj-270x180.jpg\" class=\"attachment-cheerup-list size-cheerup-list wp-post-image\" alt=\"Gyerekjogok sz\u00fcl\u0151knek\" loading=\"lazy\" title=\"\u00cdgy besz\u00e9lj a gyerekekkel a gyerekjogokr\u00f3l\" srcset=\"https:\/\/yelon.hu\/szuloknek\/wp-content\/uploads\/2020\/07\/gyerekek-gyerekjogok-igy-beszelj-270x180.jpg 270w, https:\/\/yelon.hu\/szuloknek\/wp-content\/uploads\/2020\/07\/gyerekek-gyerekjogok-igy-beszelj-300x200.jpg 300w, https:\/\/yelon.hu\/szuloknek\/wp-content\/uploads\/2020\/07\/gyerekek-gyerekjogok-igy-beszelj-1024x683.jpg 1024w, https:\/\/yelon.hu\/szuloknek\/wp-content\/uploads\/2020\/07\/gyerekek-gyerekjogok-igy-beszelj-768x512.jpg 768w, https:\/\/yelon.hu\/szuloknek\/wp-content\/uploads\/2020\/07\/gyerekek-gyerekjogok-igy-beszelj-1536x1024.jpg 1536w, https:\/\/yelon.hu\/szuloknek\/wp-content\/uploads\/2020\/07\/gyerekek-gyerekjogok-igy-beszelj-770x515.jpg 770w, https:\/\/yelon.hu\/szuloknek\/wp-content\/uploads\/2020\/07\/gyerekek-gyerekjogok-igy-beszelj-370x247.jpg 370w, https:\/\/yelon.hu\/szuloknek\/wp-content\/uploads\/2020\/07\/gyerekek-gyerekjogok-igy-beszelj-110x73.jpg 110w\" sizes=\"(max-width: 270px) 100vw, 270px\" \/>\t\t\t\n\t\t\t\n\t\t<\/a>\n\t\t\n\t\t\t<\/div>\n\n\n\t<div class=\"content\">\n\t\n\t\t\t<div class=\"post-meta post-meta-a\">\n\t\t\n\t\t\t\t\n\t\t\t<span class=\"post-cat\">\t\n\t\t\t\t\t\t\t\t\t\n\t\t<a href=\"https:\/\/yelon.hu\/szuloknek\/category\/vilag\/\" class=\"category\">Vil\u00e1g<\/a>\n\n\t\t\t\t\t<\/span>\n\t\t\t\n\t\t\t<span class=\"meta-sep\"><\/span>\n\t\t\t\n\t\t\t\t\t\n\t\t\t\t\n\t\t\t\t\t\n\t\t\t\n\t\t\t<h2 class=\"post-title\">\n\t\t\t\t\t\t\t\n\t\t\t\t<a href=\"https:\/\/yelon.hu\/szuloknek\/gyerekeknek-a-gyerekjogokrol\/\">\u00cdgy besz\u00e9lj a gyerekekkel a gyerekjogokr\u00f3l<\/a>\n\t\t\t\t\t\n\t\t\t\t\t\t\t<\/h2>\n\t\t\t\n\t\t\n\t<\/div>\t\t\n\t\t\t\t\n\t\t<div class=\"post-content post-excerpt cf\">\n\t\t\t\t\t\n\t\t\t<p>A gyerekek jogait els\u0151sorban nem a jog\u00e1szok \u00e9s \u00e9rdekv\u00e9d\u0151 szervezetek tudj\u00e1k megv\u00e9deni, hanem az \u00e9rt\u00fck felel\u0151s feln\u0151ttek; nem csak azzal, hogy mindent megtesznek az \u00e9rv\u00e9nyes\u00fcl\u00e9s\u00fck\u00e9rt, de azzal is, hogy a gyerekeknek seg\u00edtenek megismerni, \u00e9s meg\u00e9rteni, mik azok a gyerekjogok, \u00e9s hogyan \u00e9rintik a mindennapjaikat.<\/p>\n\t\t\t\t\n\t\t<\/div>\n\t\t\n\t\t\n\t\t\t\n\t\t\t\t\n\t<\/div> <!-- .content -->\n\n\t\n\t\t\n<\/article>\t\t\t\t\t<\/div>\n\t\t\t\t\t\n\t\t\t\t\t\t\t\t\t\n\t\t\t\t\t\t\n\t\t\t\t\t\n\t\t\t\t\t\t\n\t\t\t\t\t\t\n\t\t\t\t\t\t\t\t\n\t\t\t\t\t<div class=\"col-12\">\n\t\t\t\t\t\t\n<article id=\"post-4817\" class=\"list-post\">\n\t\n\t<div class=\"post-thumb\">\n\t\t<a href=\"https:\/\/yelon.hu\/szuloknek\/ha-sportol-a-gyerek\/\" class=\"image-link\">\n\t\t\t\n\t\t\t<img width=\"270\" height=\"180\" src=\"https:\/\/yelon.hu\/szuloknek\/wp-content\/uploads\/2020\/07\/sport-oromforras-edzes-gyerek-270x180.jpg\" class=\"attachment-cheerup-list size-cheerup-list wp-post-image\" alt=\"Ha sportolni megy a gyerek\" loading=\"lazy\" title=\"Mi kell ahhoz, hogy a sport \u00f6r\u00f6mforr\u00e1s legyen a gyerek sz\u00e1m\u00e1ra?\" srcset=\"https:\/\/yelon.hu\/szuloknek\/wp-content\/uploads\/2020\/07\/sport-oromforras-edzes-gyerek-270x180.jpg 270w, https:\/\/yelon.hu\/szuloknek\/wp-content\/uploads\/2020\/07\/sport-oromforras-edzes-gyerek-770x515.jpg 770w, https:\/\/yelon.hu\/szuloknek\/wp-content\/uploads\/2020\/07\/sport-oromforras-edzes-gyerek-370x247.jpg 370w, https:\/\/yelon.hu\/szuloknek\/wp-content\/uploads\/2020\/07\/sport-oromforras-edzes-gyerek-110x73.jpg 110w\" sizes=\"(max-width: 270px) 100vw, 270px\" \/>\t\t\t\n\t\t\t\n\t\t<\/a>\n\t\t\n\t\t\t<\/div>\n\n\n\t<div class=\"content\">\n\t\n\t\t\t<div class=\"post-meta post-meta-a\">\n\t\t\n\t\t\t\t\n\t\t\t<span class=\"post-cat\">\t\n\t\t\t\t\t\t\t\t\t\n\t\t<a href=\"https:\/\/yelon.hu\/szuloknek\/category\/gyerekneveles\/\" class=\"category\">Gyereknevel\u00e9s<\/a>\n\n\t\t\t\t\t<\/span>\n\t\t\t\n\t\t\t<span class=\"meta-sep\"><\/span>\n\t\t\t\n\t\t\t\t\t\n\t\t\t\t\n\t\t\t\t\t\n\t\t\t\n\t\t\t<h2 class=\"post-title\">\n\t\t\t\t\t\t\t\n\t\t\t\t<a href=\"https:\/\/yelon.hu\/szuloknek\/ha-sportol-a-gyerek\/\">Mi kell ahhoz, hogy a sport \u00f6r\u00f6mforr\u00e1s legyen a gyerek sz\u00e1m\u00e1ra?<\/a>\n\t\t\t\t\t\n\t\t\t\t\t\t\t<\/h2>\n\t\t\t\n\t\t\n\t<\/div>\t\t\n\t\t\t\t\n\t\t<div class=\"post-content post-excerpt cf\">\n\t\t\t\t\t\n\t\t\t<p>Vannak olyan k\u00e9rd\u00e9sek, amelyeket szem el\u0151tt tartva sokat tehet\u00fcnk az\u00e9rt sz\u00fcl\u0151k\u00e9nt, hogy a gyerek\u00fcnk sz\u00e1m\u00e1ra a sport val\u00f3ban \u00f6r\u00f6mforr\u00e1s, ennek megfelel\u0151en pedig a mozg\u00e1sban gazdag \u00e9letm\u00f3d term\u00e9szetes legyen. Tudd meg, mik ezek!<\/p>\n\t\t\t\t\n\t\t<\/div>\n\t\t\n\t\t\n\t\t\t\n\t\t\t\t\n\t<\/div> <!-- .content -->\n\n\t\n\t\t\n<\/article>\t\t\t\t\t<\/div>\n\t\t\t\t\t\n\t\t\t\t\t\t\t\t\t\n\t\t\t\t\t\t\n\t\t\t\t\t\n\t\t\t\t\t\t\n\t\t\t\t\t\t\n\t\t\t\t\t\t\t\t\n\t\t\t\t\t<div class=\"col-12\">\n\t\t\t\t\t\t\n<article id=\"post-4444\" class=\"list-post\">\n\t\n\t<div class=\"post-thumb\">\n\t\t<a href=\"https:\/\/yelon.hu\/szuloknek\/gyermekjogi-jelentes-2019\/\" class=\"image-link\">\n\t\t\t\n\t\t\t<img width=\"270\" height=\"180\" src=\"https:\/\/yelon.hu\/szuloknek\/wp-content\/uploads\/2020\/04\/fabian-frey-studio-vilagitas-piros-270x180.jpg\" class=\"attachment-cheerup-list size-cheerup-list wp-post-image\" alt=\"gyermekjogi jelent\u00e9s 2019\" loading=\"lazy\" title=\"K\u00f6rk\u00e9p a gyerekek jogair\u00f3l \u00e9s lehet\u0151s\u00e9geir\u0151l\" srcset=\"https:\/\/yelon.hu\/szuloknek\/wp-content\/uploads\/2020\/04\/fabian-frey-studio-vilagitas-piros-270x180.jpg 270w, https:\/\/yelon.hu\/szuloknek\/wp-content\/uploads\/2020\/04\/fabian-frey-studio-vilagitas-piros-770x515.jpg 770w, https:\/\/yelon.hu\/szuloknek\/wp-content\/uploads\/2020\/04\/fabian-frey-studio-vilagitas-piros-370x247.jpg 370w, https:\/\/yelon.hu\/szuloknek\/wp-content\/uploads\/2020\/04\/fabian-frey-studio-vilagitas-piros-110x73.jpg 110w\" sizes=\"(max-width: 270px) 100vw, 270px\" \/>\t\t\t\n\t\t\t\n\t\t<\/a>\n\t\t\n\t\t\t<\/div>\n\n\n\t<div class=\"content\">\n\t\n\t\t\t<div class=\"post-meta post-meta-a\">\n\t\t\n\t\t\t\t\n\t\t\t<span class=\"post-cat\">\t\n\t\t\t\t\t\t\t\t\t\n\t\t<a href=\"https:\/\/yelon.hu\/szuloknek\/category\/vilag\/\" class=\"category\">Vil\u00e1g<\/a>\n\n\t\t\t\t\t<\/span>\n\t\t\t\n\t\t\t<span class=\"meta-sep\"><\/span>\n\t\t\t\n\t\t\t\t\t\n\t\t\t\t\n\t\t\t\t\t\n\t\t\t\n\t\t\t<h2 class=\"post-title\">\n\t\t\t\t\t\t\t\n\t\t\t\t<a href=\"https:\/\/yelon.hu\/szuloknek\/gyermekjogi-jelentes-2019\/\">K\u00f6rk\u00e9p a gyerekek jogair\u00f3l \u00e9s lehet\u0151s\u00e9geir\u0151l<\/a>\n\t\t\t\t\t\n\t\t\t\t\t\t\t<\/h2>\n\t\t\t\n\t\t\n\t<\/div>\t\t\n\t\t\t\t\n\t\t<div class=\"post-content post-excerpt cf\">\n\t\t\t\t\t\n\t\t\t<p>A Hintalovon Gyermekjogi Alap\u00edtv\u00e1ny 2019. \u00e9vi Gyermekjogi Jelent\u00e9se az el\u0151z\u0151 \u00e9v gyermekjogi szempontb\u00f3l legfontosabb esem\u00e9nyeit, kutat\u00e1si eredm\u00e9nyeit, statisztik\u00e1it \u00e9s a gyermekjogi \u00fcgyek m\u00e9diareprezent\u00e1ci\u00f3j\u00e1t tekinti \u00e1t.<\/p>\n\t\t\t\t\n\t\t<\/div>\n\t\t\n\t\t\n\t\t\t\n\t\t\t\t\n\t<\/div> <!-- .content -->\n\n\t\n\t\t\n<\/article>\t\t\t\t\t<\/div>\n\t\t\t\t\t\n\t\t\t\t\t\t\t\t\t\n\t\t\t\t\t\t\n\t\t\t\t\t\n\t\t\t\t\t\t\n\t\t\t\t\t\t\n\t\t\t\t\t\t\t\t\n\t\t\t\t\t<div class=\"col-12\">\n\t\t\t\t\t\t\n<article id=\"post-4412\" class=\"list-post\">\n\t\n\t<div class=\"post-thumb\">\n\t\t<a href=\"https:\/\/yelon.hu\/szuloknek\/kapcsolattartas-koronavirus\/\" class=\"image-link\">\n\t\t\t\n\t\t\t<img width=\"270\" height=\"180\" src=\"https:\/\/yelon.hu\/szuloknek\/wp-content\/uploads\/2020\/03\/kapcsolattartas-koronav\u00edrus-270x180.jpg\" class=\"attachment-cheerup-list size-cheerup-list wp-post-image\" alt=\"Kapcsolattart\u00e1s koronav\u00edrus idej\u00e9n\" loading=\"lazy\" title=\"Kapcsolattart\u00e1s szab\u00e1lyai a k\u00f6zeg\u00e9szs\u00e9g\u00fcgyi v\u00e9szhelyzetben\" srcset=\"https:\/\/yelon.hu\/szuloknek\/wp-content\/uploads\/2020\/03\/kapcsolattartas-koronav\u00edrus-270x180.jpg 270w, https:\/\/yelon.hu\/szuloknek\/wp-content\/uploads\/2020\/03\/kapcsolattartas-koronav\u00edrus-300x200.jpg 300w, https:\/\/yelon.hu\/szuloknek\/wp-content\/uploads\/2020\/03\/kapcsolattartas-koronav\u00edrus-1024x683.jpg 1024w, https:\/\/yelon.hu\/szuloknek\/wp-content\/uploads\/2020\/03\/kapcsolattartas-koronav\u00edrus-768x512.jpg 768w, https:\/\/yelon.hu\/szuloknek\/wp-content\/uploads\/2020\/03\/kapcsolattartas-koronav\u00edrus-1536x1024.jpg 1536w, https:\/\/yelon.hu\/szuloknek\/wp-content\/uploads\/2020\/03\/kapcsolattartas-koronav\u00edrus-770x515.jpg 770w, https:\/\/yelon.hu\/szuloknek\/wp-content\/uploads\/2020\/03\/kapcsolattartas-koronav\u00edrus-370x247.jpg 370w, https:\/\/yelon.hu\/szuloknek\/wp-content\/uploads\/2020\/03\/kapcsolattartas-koronav\u00edrus-110x73.jpg 110w\" sizes=\"(max-width: 270px) 100vw, 270px\" \/>\t\t\t\n\t\t\t\n\t\t<\/a>\n\t\t\n\t\t\t<\/div>\n\n\n\t<div class=\"content\">\n\t\n\t\t\t<div class=\"post-meta post-meta-a\">\n\t\t\n\t\t\t\t\n\t\t\t<span class=\"post-cat\">\t\n\t\t\t\t\t\t\t\t\t\n\t\t<a href=\"https:\/\/yelon.hu\/szuloknek\/category\/vilag\/\" class=\"category\">Vil\u00e1g<\/a>\n\n\t\t\t\t\t<\/span>\n\t\t\t\n\t\t\t<span class=\"meta-sep\"><\/span>\n\t\t\t\n\t\t\t\t\t\n\t\t\t\t\n\t\t\t\t\t\n\t\t\t\n\t\t\t<h2 class=\"post-title\">\n\t\t\t\t\t\t\t\n\t\t\t\t<a href=\"https:\/\/yelon.hu\/szuloknek\/kapcsolattartas-koronavirus\/\">Kapcsolattart\u00e1s szab\u00e1lyai a k\u00f6zeg\u00e9szs\u00e9g\u00fcgyi v\u00e9szhelyzetben<\/a>\n\t\t\t\t\t\n\t\t\t\t\t\t\t<\/h2>\n\t\t\t\n\t\t\n\t<\/div>\t\t\n\t\t\t\t\n\t\t<div class=\"post-content post-excerpt cf\">\n\t\t\t\t\t\n\t\t\t<p>A gyerek els\u0151dleges \u00e9rdeke, hogy a sz\u00fclei az \u0150 sz\u00fcks\u00e9gletei szerint, egym\u00e1ssal egyeztetve hozzanak d\u00f6nt\u00e9seket.<\/p>\n\t\t\t\t\n\t\t<\/div>\n\t\t\n\t\t\n\t\t\t\n\t\t\t\t\n\t<\/div> <!-- .content -->\n\n\t\n\t\t\n<\/article>\t\t\t\t\t<\/div>\n\t\t\t\t\t\n\t\t\t\t\t\t\t\t\t\n\t\t\t\t\t\t\n\t\t\t\t\t\n\t\t\t\t\t\t\n\t\t\t\t\t\t\n\t\t\t\t\t\t\t\t\n\t\t\t\t\t<div class=\"col-12\">\n\t\t\t\t\t\t\n<article id=\"post-4092\" class=\"list-post\">\n\t\n\t<div class=\"post-thumb\">\n\t\t<a href=\"https:\/\/yelon.hu\/szuloknek\/gyerekjogi-jelentes-2018-19\/\" class=\"image-link\">\n\t\t\t\n\t\t\t<img width=\"270\" height=\"180\" src=\"https:\/\/yelon.hu\/szuloknek\/wp-content\/uploads\/2020\/03\/gyermekjogi-jelentes-ensz-2018-19-270x180.jpg\" class=\"attachment-cheerup-list size-cheerup-list wp-post-image\" alt=\"Gyermekjogi jelent\u00e9s\" loading=\"lazy\" title=\"Te tudod, hogy mit gondolnak a gyerekek a helyzet\u00fckr\u0151l?\" srcset=\"https:\/\/yelon.hu\/szuloknek\/wp-content\/uploads\/2020\/03\/gyermekjogi-jelentes-ensz-2018-19-270x180.jpg 270w, https:\/\/yelon.hu\/szuloknek\/wp-content\/uploads\/2020\/03\/gyermekjogi-jelentes-ensz-2018-19-300x200.jpg 300w, https:\/\/yelon.hu\/szuloknek\/wp-content\/uploads\/2020\/03\/gyermekjogi-jelentes-ensz-2018-19-1024x683.jpg 1024w, https:\/\/yelon.hu\/szuloknek\/wp-content\/uploads\/2020\/03\/gyermekjogi-jelentes-ensz-2018-19-768x512.jpg 768w, https:\/\/yelon.hu\/szuloknek\/wp-content\/uploads\/2020\/03\/gyermekjogi-jelentes-ensz-2018-19-1536x1024.jpg 1536w, https:\/\/yelon.hu\/szuloknek\/wp-content\/uploads\/2020\/03\/gyermekjogi-jelentes-ensz-2018-19-770x515.jpg 770w, https:\/\/yelon.hu\/szuloknek\/wp-content\/uploads\/2020\/03\/gyermekjogi-jelentes-ensz-2018-19-370x247.jpg 370w, https:\/\/yelon.hu\/szuloknek\/wp-content\/uploads\/2020\/03\/gyermekjogi-jelentes-ensz-2018-19-110x73.jpg 110w\" sizes=\"(max-width: 270px) 100vw, 270px\" \/>\t\t\t\n\t\t\t\n\t\t<\/a>\n\t\t\n\t\t\t<\/div>\n\n\n\t<div class=\"content\">\n\t\n\t\t\t<div class=\"post-meta post-meta-a\">\n\t\t\n\t\t\t\t\n\t\t\t<span class=\"post-cat\">\t\n\t\t\t\t\t\t\t\t\t\n\t\t<a href=\"https:\/\/yelon.hu\/szuloknek\/category\/vilag\/\" class=\"category\">Vil\u00e1g<\/a>\n\n\t\t\t\t\t<\/span>\n\t\t\t\n\t\t\t<span class=\"meta-sep\"><\/span>\n\t\t\t\n\t\t\t\t\t\n\t\t\t\t\n\t\t\t\t\t\n\t\t\t\n\t\t\t<h2 class=\"post-title\">\n\t\t\t\t\t\t\t\n\t\t\t\t<a href=\"https:\/\/yelon.hu\/szuloknek\/gyerekjogi-jelentes-2018-19\/\">Te tudod, hogy mit gondolnak a gyerekek a helyzet\u00fckr\u0151l?<\/a>\n\t\t\t\t\t\n\t\t\t\t\t\t\t<\/h2>\n\t\t\t\n\t\t\n\t<\/div>\t\t\n\t\t\t\t\n\t\t<div class=\"post-content post-excerpt cf\">\n\t\t\t\t\t\n\t\t\t<p>A Hintalovon Gyermekjogi Alap\u00edtv\u00e1ny 5300 gyereket k\u00e9rdezett meg arr\u00f3l, mit gondol, hogy \u00e9rzi mag\u00e1t, hogy van. \u00c9rdekel az eredm\u00e9ny? Ismerd meg az ENSZ-nek k\u00e9sz\u00edtett Gyermekjogi Jelent\u00e9st!<\/p>\n\t\t\t\t\n\t\t<\/div>\n\t\t\n\t\t\n\t\t\t\n\t\t\t\t\n\t<\/div> <!-- .content -->\n\n\t\n\t\t\n<\/article>\t\t\t\t\t<\/div>\n\t\t\t\t\t\n\t\t\t\t\t\t\t\t\t\n\t\t\t\t\t\t\n\t\t\t\t\t\n\t\t\t\t\t\t\n\t\t\t\t\t\t\n\t\t\t\t\t\t\t\t\n\t\t\t\t\t<div class=\"col-12\">\n\t\t\t\t\t\t\n<article id=\"post-3289\" class=\"list-post\">\n\t\n\t<div class=\"post-thumb\">\n\t\t<a href=\"https:\/\/yelon.hu\/szuloknek\/gyerekjogok-es-szexedukacio\/\" class=\"image-link\">\n\t\t\t\n\t\t\t<img width=\"270\" height=\"180\" src=\"https:\/\/yelon.hu\/szuloknek\/wp-content\/uploads\/2020\/01\/oscar-keys-csend-titok-nema-vak-270x180.jpg\" class=\"attachment-cheerup-list size-cheerup-list wp-post-image\" alt=\"Gyerekjogok, biztons\u00e1gos gyerekkor, szexeduk\u00e1ci\u00f3\" loading=\"lazy\" title=\"A gyerekjogok \u00e9s a szexeduk\u00e1ci\u00f3 k\u00f6z\u00f6s keresztmetszete\" srcset=\"https:\/\/yelon.hu\/szuloknek\/wp-content\/uploads\/2020\/01\/oscar-keys-csend-titok-nema-vak-270x180.jpg 270w, https:\/\/yelon.hu\/szuloknek\/wp-content\/uploads\/2020\/01\/oscar-keys-csend-titok-nema-vak-300x199.jpg 300w, https:\/\/yelon.hu\/szuloknek\/wp-content\/uploads\/2020\/01\/oscar-keys-csend-titok-nema-vak-1024x681.jpg 1024w, https:\/\/yelon.hu\/szuloknek\/wp-content\/uploads\/2020\/01\/oscar-keys-csend-titok-nema-vak-768x511.jpg 768w, https:\/\/yelon.hu\/szuloknek\/wp-content\/uploads\/2020\/01\/oscar-keys-csend-titok-nema-vak-1536x1021.jpg 1536w, https:\/\/yelon.hu\/szuloknek\/wp-content\/uploads\/2020\/01\/oscar-keys-csend-titok-nema-vak-770x515.jpg 770w, https:\/\/yelon.hu\/szuloknek\/wp-content\/uploads\/2020\/01\/oscar-keys-csend-titok-nema-vak-370x247.jpg 370w, https:\/\/yelon.hu\/szuloknek\/wp-content\/uploads\/2020\/01\/oscar-keys-csend-titok-nema-vak-110x73.jpg 110w\" sizes=\"(max-width: 270px) 100vw, 270px\" \/>\t\t\t\n\t\t\t\n\t\t<\/a>\n\t\t\n\t\t\t<\/div>\n\n\n\t<div class=\"content\">\n\t\n\t\t\t<div class=\"post-meta post-meta-a\">\n\t\t\n\t\t\t\t\n\t\t\t<span class=\"post-cat\">\t\n\t\t\t\t\t\t\t\t\t\n\t\t<a href=\"https:\/\/yelon.hu\/szuloknek\/category\/felvilagositas-szexualis-neveles\/\" class=\"category\">\u201eFelvil\u00e1gos\u00edt\u00e1s\u201d<\/a>\n\n\t\t\t\t\t<\/span>\n\t\t\t\n\t\t\t<span class=\"meta-sep\"><\/span>\n\t\t\t\n\t\t\t\t\t\n\t\t\t\t\n\t\t\t\t\t\n\t\t\t\n\t\t\t<h2 class=\"post-title\">\n\t\t\t\t\t\t\t\n\t\t\t\t<a href=\"https:\/\/yelon.hu\/szuloknek\/gyerekjogok-es-szexedukacio\/\">A gyerekjogok \u00e9s a szexeduk\u00e1ci\u00f3 k\u00f6z\u00f6s keresztmetszete<\/a>\n\t\t\t\t\t\n\t\t\t\t\t\t\t<\/h2>\n\t\t\t\n\t\t\n\t<\/div>\t\t\n\t\t\t\t\n\t\t<div class=\"post-content post-excerpt cf\">\n\t\t\t\t\t\n\t\t\t<p>Minden gyereknek joga van a biztons\u00e1gos gyerekkorhoz, \u00e9s a szexu\u00e1lis eduk\u00e1ci\u00f3n\u00e1l hat\u00e1sosabb eszk\u00f6zt nem ismer\u00fcnk a gyerekkori ab\u00fazusok \u00e9s vissza\u00e9l\u00e9sek (ide\u00e9rtve valamennyi b\u00e1ntalmaz\u00e1si form\u00e1t) megel\u0151z\u00e9s\u00e9re.<\/p>\n\t\t\t\t\n\t\t<\/div>\n\t\t\n\t\t\n\t\t\t\n\t\t\t\t\n\t<\/div> <!-- .content -->\n\n\t\n\t\t\n<\/article>\t\t\t\t\t<\/div>\n\t\t\t\t\t\n\t\t\t\t\t\t\t\t\t\n\t\t\t\t\t\t\n\t\t\t\t\n\t\t<\/div>\n\t<\/div>\n\t\n\t\n\t\n\n\t<nav class=\"main-pagination number\">\n\t\t\n\t\t\t\t\n\t\t\t\t\n\t\t<div class=\"inner\">\n\t\t\t<span class=\"page-numbers label-prev\"><span class=\"disabled\"><i class=\"fa fa-long-arrow-left\"><\/i>El\u0151z\u0151<\/span><\/span><span aria-current=\"page\" class=\"page-numbers current\">1<\/span>\n<a class=\"page-numbers\" href=\"https:\/\/yelon.hu\/szuloknek\/wp-json\/wp\/v2\/pages\/1109\/page\/2\/\">2<\/a><span class=\"page-numbers label-next\"><a href=\"https:\/\/yelon.hu\/szuloknek\/wp-json\/wp\/v2\/pages\/1109\/page\/2\/\" >K\u00f6vetkez\u0151<i class=\"fa fa-long-arrow-right\"><\/i><\/a><\/span>\t\t<\/div>\n\t\t\n\t\t\t\t\n\t<\/nav>\n\n\n\t\t<\/div>\n\t\n\t<\/section>\n\n[\/vc_column][vc_column width=&#8221;1\/3&#8243;][vc_wp_tagcloud title=&#8221;C\u00edmk\u00e9k&#8221; taxonomy=&#8221;post_tag&#8221;][\/vc_column][\/vc_row][vc_row][vc_column]\n\t<section class=\"cf block loop-grid-3\" data-id=\"3\">\n\t\n\t\t\n\t\t\t\t\t\n\t\t\t<div class=\"block-head-b\">\n\t\t\t\t<h4 class=\"title\"><a href=\"https:\/\/yelon.hu\/szuloknek\/category\/online-digitalis-szuloseg\/\">Online<\/a><\/h4>\n\t\t\t\t\t\t\t\t\t\n\t\t\t\t\t\t\t\t\n\t\t\t\t\t\t\t\n\t\t\t<\/div>\t\n\t\t\t\n\t\t\n\t\t\t\t\n\t\t\t\t\n\t\t<div class=\"block-content\">\n\t\t\n\t<div class=\"posts-dynamic posts-container ts-row grid count-0 has-grid-3\">\n\t\t\t\n\t\t\t\t\t\n\t\t\t\t\t\t\n\t\t\t\t\t\t\t\n\t\t\t\t\t\t\t\t\n\t\t\t\t<div class=\"posts-wrap\">\t\t\t\t\n\t\t\t\t\t\t\n\t\t\t\t\t\t\n\t\t\t\t\t\t\t\t\n\t\t\t\t\t<div class=\"col-4\">\t\n\t\t\t\t\t\t\n<article id=\"post-2893\" class=\"grid-post post-2893 post type-post status-publish format-standard has-post-thumbnail category-online-digitalis-szuloseg tag-adat tag-ciki tag-cuki tag-digitalis-szemelyazonossag tag-facebook tag-gyerek tag-informacio tag-instagram tag-internet-nem-felejt tag-kepek tag-kisgyerek tag-kockazat tag-megosztas tag-nyilvanossag tag-online-biztonsag tag-online-ter tag-posztolas tag-publikus-poszt tag-szemelyisegi-jogok tag-szenzitiv-tartalmak tag-szoveges-tartalmak tag-visszaeles has-excerpt grid-cols-3\">\n\t\n\t<div class=\"post-header cf\">\n\t\t\t\n\t\t<div class=\"post-thumb\">\n\t\t\t<a href=\"https:\/\/yelon.hu\/szuloknek\/hogyan-posztoljunk-a-gyerekeinkrol\/\" class=\"image-link\">\n\t\t\t\n\t\t\t\t<img width=\"370\" height=\"247\" src=\"https:\/\/yelon.hu\/szuloknek\/wp-content\/uploads\/2019\/10\/internet-virtualis-valos-ter-370x247.jpg\" class=\"attachment-cheerup-grid size-cheerup-grid wp-post-image\" alt=\"Digit\u00e1lis szem\u00e9lyazonoss\u00e1g: hogyan v\u00e9dd meg\" loading=\"lazy\" title=\"Mi\u00e9rt \u00e9s hogyan v\u00e9dj\u00fck a gyerekek digit\u00e1lis szem\u00e9lyazonoss\u00e1g\u00e1t?\" srcset=\"https:\/\/yelon.hu\/szuloknek\/wp-content\/uploads\/2019\/10\/internet-virtualis-valos-ter-370x247.jpg 370w, https:\/\/yelon.hu\/szuloknek\/wp-content\/uploads\/2019\/10\/internet-virtualis-valos-ter-300x200.jpg 300w, https:\/\/yelon.hu\/szuloknek\/wp-content\/uploads\/2019\/10\/internet-virtualis-valos-ter-1024x683.jpg 1024w, https:\/\/yelon.hu\/szuloknek\/wp-content\/uploads\/2019\/10\/internet-virtualis-valos-ter-768x512.jpg 768w, https:\/\/yelon.hu\/szuloknek\/wp-content\/uploads\/2019\/10\/internet-virtualis-valos-ter-1536x1024.jpg 1536w, https:\/\/yelon.hu\/szuloknek\/wp-content\/uploads\/2019\/10\/internet-virtualis-valos-ter-270x180.jpg 270w, https:\/\/yelon.hu\/szuloknek\/wp-content\/uploads\/2019\/10\/internet-virtualis-valos-ter-770x515.jpg 770w, https:\/\/yelon.hu\/szuloknek\/wp-content\/uploads\/2019\/10\/internet-virtualis-valos-ter-110x73.jpg 110w\" sizes=\"(max-width: 370px) 100vw, 370px\" \/>\t\t\t\t\t\n\t\t\t\t\n\t\t\t<\/a>\n\t\t\t\n\t\t\t\t\t\n\t\t<span class=\"cat-label cf\">\t\t\t\t\t\n\t\t<a href=\"https:\/\/yelon.hu\/szuloknek\/category\/online-digitalis-szuloseg\/\" class=\"category\">Online<\/a>\n\n\t\t<\/span>\n\t\t\n\t\t\t\t<\/div>\n\t\t\n\t\t<div class=\"meta-title\">\n\t\t\n\t\t\t\t<div class=\"post-meta post-meta-a\">\n\t\t\n\t\t\t\t\n\t\t\t<span class=\"post-cat\">\t\n\t\t\t\t\t\t\t\t\t\n\t\t<a href=\"https:\/\/yelon.hu\/szuloknek\/category\/online-digitalis-szuloseg\/\" class=\"category\">Online<\/a>\n\n\t\t\t\t\t<\/span>\n\t\t\t\n\t\t\t<span class=\"meta-sep\"><\/span>\n\t\t\t\n\t\t\t\t\t\n\t\t\t\t\n\t\t\t\t\t\n\t\t\t\n\t\t\t<h2 class=\"post-title-alt\">\n\t\t\t\t\t\t\t\n\t\t\t\t<a href=\"https:\/\/yelon.hu\/szuloknek\/hogyan-posztoljunk-a-gyerekeinkrol\/\">Mi\u00e9rt \u00e9s hogyan v\u00e9dj\u00fck a gyerekek digit\u00e1lis szem\u00e9lyazonoss\u00e1g\u00e1t?<\/a>\n\t\t\t\t\t\n\t\t\t\t\t\t\t<\/h2>\n\t\t\t\n\t\t\n\t<\/div>\t\t\n\t\t<\/div>\n\t\t\n\t<\/div><!-- .post-header -->\n\n\t\t<div class=\"post-content post-excerpt cf\">\n\t\t<p>Ha a gyerekeink digit\u00e1lis szem\u00e9lyazonoss\u00e1g\u00e1r\u00f3l van sz\u00f3, n\u00e9ha mi magunk jelentj\u00fck r\u00e1 a legnagyobb vesz\u00e9lyt &#8211; \u00edgy ker\u00fcld el a kock\u00e1zatokat.<\/p>\n\t\t\t\n\t<\/div><!-- .post-content -->\n\t\t\n\t\t<div class=\"post-footer\">\n\t\t\n\t\t\n\t\n\t\n\t<ul class=\"social-share\">\n\t\t\n\t\t\t\t\n\t\t<li>\n\t\t\t<a href=\"http:\/\/www.facebook.com\/sharer.php?u=https%3A%2F%2Fyelon.hu%2Fszuloknek%2Fhogyan-posztoljunk-a-gyerekeinkrol%2F\" class=\"fa fa-facebook\" target=\"_blank\" title=\"Megoszt\u00e1s Facebookon\"><\/a>\n\t\t<\/li>\n\t\t\n\t\t<li>\n\t\t\t<a href=\"http:\/\/twitter.com\/home?status=https%3A%2F%2Fyelon.hu%2Fszuloknek%2Fhogyan-posztoljunk-a-gyerekeinkrol%2F\" class=\"fa fa-twitter\" target=\"_blank\" title=\"Megoszt\u00e1s Twitteren\"><\/a>\n\t\t<\/li>\n\t\t\n\t\t<li>\n\t\t\t<a href=\"http:\/\/plus.google.com\/share?url=https%3A%2F%2Fyelon.hu%2Fszuloknek%2Fhogyan-posztoljunk-a-gyerekeinkrol%2F\" class=\"fa fa-google-plus\" target=\"_blank\" title=\"Megoszt\u00e1s Google+-on\"><\/a>\n\t\t<\/li>\n\t\t\n\t\t<li>\n\t\t\t<a href=\"http:\/\/pinterest.com\/pin\/create\/button\/?url=https%3A%2F%2Fyelon.hu%2Fszuloknek%2Fhogyan-posztoljunk-a-gyerekeinkrol%2F&amp;media=https%3A%2F%2Fyelon.hu%2Fszuloknek%2Fwp-content%2Fuploads%2F2019%2F10%2Finternet-virtualis-valos-ter-scaled.jpg\" class=\"fa fa-pinterest-p\" target=\"_blank\" title=\"Megoszt\u00e1s Pinteresten\"><\/a>\n\t\t<\/li>\n\n\t\t\n\t<\/ul>\n\n\t\t\n\t<\/div>\n\t\t\n\t\t\n<\/article>\n\t\t\t\t\t<\/div>\n\t\t\t\t\t\n\t\t\t\t\t\t\t\t\t\n\t\t\t\t\t\t\n\t\t\t\t\t\n\t\t\t\t\t\t\n\t\t\t\t\t\t\n\t\t\t\t\t\t\t\t\n\t\t\t\t\t<div class=\"col-4\">\t\n\t\t\t\t\t\t\n<article id=\"post-5277\" class=\"grid-post post-5277 post type-post status-publish format-standard post-password-required category-online-digitalis-szuloseg tag-cyberbullying tag-digitalis-labnyom tag-digitalis-szuloseg tag-e-mail-kurzus tag-grooming tag-internetfuggoseg tag-karos-tartalom tag-netbiztonsag tag-online-bantalmazas tag-online-szulo has-excerpt grid-cols-3\">\n\t\n\t<div class=\"post-header cf\">\n\t\t\t\n\t\t<div class=\"post-thumb\">\n\t\t\t<a href=\"https:\/\/yelon.hu\/szuloknek\/online-biztonsag-email-kurzus\/\" class=\"image-link\">\n\t\t\t\n\t\t\t\t<img width=\"370\" height=\"247\" src=\"https:\/\/yelon.hu\/szuloknek\/wp-content\/uploads\/2020\/11\/online-biztonsag-mailkurzus-370x247.jpg\" class=\"attachment-cheerup-grid size-cheerup-grid wp-post-image\" alt=\"online biztons\u00e9g e-mail kurzus\" loading=\"lazy\" title=\"V\u00e9dett: Gyerekk\u00e9nt is biztons\u00e1gban a neten: e-mail kurzus sz\u00fcl\u0151knek\" srcset=\"https:\/\/yelon.hu\/szuloknek\/wp-content\/uploads\/2020\/11\/online-biztonsag-mailkurzus-370x247.jpg 370w, https:\/\/yelon.hu\/szuloknek\/wp-content\/uploads\/2020\/11\/online-biztonsag-mailkurzus-300x200.jpg 300w, https:\/\/yelon.hu\/szuloknek\/wp-content\/uploads\/2020\/11\/online-biztonsag-mailkurzus-1024x683.jpg 1024w, https:\/\/yelon.hu\/szuloknek\/wp-content\/uploads\/2020\/11\/online-biztonsag-mailkurzus-768x512.jpg 768w, https:\/\/yelon.hu\/szuloknek\/wp-content\/uploads\/2020\/11\/online-biztonsag-mailkurzus-1536x1024.jpg 1536w, https:\/\/yelon.hu\/szuloknek\/wp-content\/uploads\/2020\/11\/online-biztonsag-mailkurzus-270x180.jpg 270w, https:\/\/yelon.hu\/szuloknek\/wp-content\/uploads\/2020\/11\/online-biztonsag-mailkurzus-770x515.jpg 770w, https:\/\/yelon.hu\/szuloknek\/wp-content\/uploads\/2020\/11\/online-biztonsag-mailkurzus-110x73.jpg 110w\" sizes=\"(max-width: 370px) 100vw, 370px\" \/>\t\t\t\t\t\n\t\t\t\t\n\t\t\t<\/a>\n\t\t\t\n\t\t\t\t\t\n\t\t<span class=\"cat-label cf\">\t\t\t\t\t\n\t\t<a href=\"https:\/\/yelon.hu\/szuloknek\/category\/online-digitalis-szuloseg\/\" class=\"category\">Online<\/a>\n\n\t\t<\/span>\n\t\t\n\t\t\t\t<\/div>\n\t\t\n\t\t<div class=\"meta-title\">\n\t\t\n\t\t\t\t<div class=\"post-meta post-meta-a\">\n\t\t\n\t\t\t\t\n\t\t\t<span class=\"post-cat\">\t\n\t\t\t\t\t\t\t\t\t\n\t\t<a href=\"https:\/\/yelon.hu\/szuloknek\/category\/online-digitalis-szuloseg\/\" class=\"category\">Online<\/a>\n\n\t\t\t\t\t<\/span>\n\t\t\t\n\t\t\t<span class=\"meta-sep\"><\/span>\n\t\t\t\n\t\t\t\t\t\n\t\t\t\t\n\t\t\t\t\t\n\t\t\t\n\t\t\t<h2 class=\"post-title-alt\">\n\t\t\t\t\t\t\t\n\t\t\t\t<a href=\"https:\/\/yelon.hu\/szuloknek\/online-biztonsag-email-kurzus\/\">V\u00e9dett: Gyerekk\u00e9nt is biztons\u00e1gban a neten: e-mail kurzus sz\u00fcl\u0151knek<\/a>\n\t\t\t\t\t\n\t\t\t\t\t\t\t<\/h2>\n\t\t\t\n\t\t\n\t<\/div>\t\t\n\t\t<\/div>\n\t\t\n\t<\/div><!-- .post-header -->\n\n\t\t<div class=\"post-content post-excerpt cf\">\n\t\t<p>Nincs kivonat, mert ez egy v\u00e9dett tartalm\u00fa bejegyz\u00e9s.<\/p>\n\t\t\t\n\t<\/div><!-- .post-content -->\n\t\t\n\t\t<div class=\"post-footer\">\n\t\t\n\t\t\n\t\n\t\n\t<ul class=\"social-share\">\n\t\t\n\t\t\t\t\n\t\t<li>\n\t\t\t<a href=\"http:\/\/www.facebook.com\/sharer.php?u=https%3A%2F%2Fyelon.hu%2Fszuloknek%2Fonline-biztonsag-email-kurzus%2F\" class=\"fa fa-facebook\" target=\"_blank\" title=\"Megoszt\u00e1s Facebookon\"><\/a>\n\t\t<\/li>\n\t\t\n\t\t<li>\n\t\t\t<a href=\"http:\/\/twitter.com\/home?status=https%3A%2F%2Fyelon.hu%2Fszuloknek%2Fonline-biztonsag-email-kurzus%2F\" class=\"fa fa-twitter\" target=\"_blank\" title=\"Megoszt\u00e1s Twitteren\"><\/a>\n\t\t<\/li>\n\t\t\n\t\t<li>\n\t\t\t<a href=\"http:\/\/plus.google.com\/share?url=https%3A%2F%2Fyelon.hu%2Fszuloknek%2Fonline-biztonsag-email-kurzus%2F\" class=\"fa fa-google-plus\" target=\"_blank\" title=\"Megoszt\u00e1s Google+-on\"><\/a>\n\t\t<\/li>\n\t\t\n\t\t<li>\n\t\t\t<a href=\"http:\/\/pinterest.com\/pin\/create\/button\/?url=https%3A%2F%2Fyelon.hu%2Fszuloknek%2Fonline-biztonsag-email-kurzus%2F&amp;media=https%3A%2F%2Fyelon.hu%2Fszuloknek%2Fwp-content%2Fuploads%2F2020%2F11%2Fonline-biztonsag-mailkurzus.jpg\" class=\"fa fa-pinterest-p\" target=\"_blank\" title=\"Megoszt\u00e1s Pinteresten\"><\/a>\n\t\t<\/li>\n\n\t\t\n\t<\/ul>\n\n\t\t\n\t<\/div>\n\t\t\n\t\t\n<\/article>\n\t\t\t\t\t<\/div>\n\t\t\t\t\t\n\t\t\t\t\t\t\t\t\t\n\t\t\t\t\t\t\n\t\t\t\t\t\n\t\t\t\t\t\t\n\t\t\t\t\t\t\n\t\t\t\t\t\t\t\t\n\t\t\t\t\t<div class=\"col-4\">\t\n\t\t\t\t\t\t\n<article id=\"post-5336\" class=\"grid-post post-5336 post type-post status-publish format-standard has-post-thumbnail category-online-digitalis-szuloseg tag-adatbiztonsag tag-adatkezeles tag-adatvedelem tag-covid-19 tag-digitalis-oktatas tag-gdpr tag-koronavirus tag-otthontanulas tag-szemelyes-adatok tag-szemelyes-adatok-vedelme tag-tavoktatas has-excerpt grid-cols-3\">\n\t\n\t<div class=\"post-header cf\">\n\t\t\t\n\t\t<div class=\"post-thumb\">\n\t\t\t<a href=\"https:\/\/yelon.hu\/szuloknek\/tavoktatas-es-adatvedelem\/\" class=\"image-link\">\n\t\t\t\n\t\t\t\t<img width=\"370\" height=\"247\" src=\"https:\/\/yelon.hu\/szuloknek\/wp-content\/uploads\/2020\/11\/szemelyes-adatok-vedelme-tavoktatas-370x247.jpg\" class=\"attachment-cheerup-grid size-cheerup-grid wp-post-image\" alt=\"szen\u00e9lyes adatok, adatv\u00e9delem, t\u00e1voktat\u00e1s\" loading=\"lazy\" title=\"\u00daj helyzet, \u00faj kih\u00edv\u00e1sok: a t\u00e1voktat\u00e1s \u00e9s a szem\u00e9lyes adatok\" srcset=\"https:\/\/yelon.hu\/szuloknek\/wp-content\/uploads\/2020\/11\/szemelyes-adatok-vedelme-tavoktatas-370x247.jpg 370w, https:\/\/yelon.hu\/szuloknek\/wp-content\/uploads\/2020\/11\/szemelyes-adatok-vedelme-tavoktatas-300x199.jpg 300w, https:\/\/yelon.hu\/szuloknek\/wp-content\/uploads\/2020\/11\/szemelyes-adatok-vedelme-tavoktatas-1024x681.jpg 1024w, https:\/\/yelon.hu\/szuloknek\/wp-content\/uploads\/2020\/11\/szemelyes-adatok-vedelme-tavoktatas-768x510.jpg 768w, https:\/\/yelon.hu\/szuloknek\/wp-content\/uploads\/2020\/11\/szemelyes-adatok-vedelme-tavoktatas-1536x1021.jpg 1536w, https:\/\/yelon.hu\/szuloknek\/wp-content\/uploads\/2020\/11\/szemelyes-adatok-vedelme-tavoktatas-270x180.jpg 270w, https:\/\/yelon.hu\/szuloknek\/wp-content\/uploads\/2020\/11\/szemelyes-adatok-vedelme-tavoktatas-770x515.jpg 770w, https:\/\/yelon.hu\/szuloknek\/wp-content\/uploads\/2020\/11\/szemelyes-adatok-vedelme-tavoktatas-110x73.jpg 110w\" sizes=\"(max-width: 370px) 100vw, 370px\" \/>\t\t\t\t\t\n\t\t\t\t\n\t\t\t<\/a>\n\t\t\t\n\t\t\t\t\t\n\t\t<span class=\"cat-label cf\">\t\t\t\t\t\n\t\t<a href=\"https:\/\/yelon.hu\/szuloknek\/category\/online-digitalis-szuloseg\/\" class=\"category\">Online<\/a>\n\n\t\t<\/span>\n\t\t\n\t\t\t\t<\/div>\n\t\t\n\t\t<div class=\"meta-title\">\n\t\t\n\t\t\t\t<div class=\"post-meta post-meta-a\">\n\t\t\n\t\t\t\t\n\t\t\t<span class=\"post-cat\">\t\n\t\t\t\t\t\t\t\t\t\n\t\t<a href=\"https:\/\/yelon.hu\/szuloknek\/category\/online-digitalis-szuloseg\/\" class=\"category\">Online<\/a>\n\n\t\t\t\t\t<\/span>\n\t\t\t\n\t\t\t<span class=\"meta-sep\"><\/span>\n\t\t\t\n\t\t\t\t\t\n\t\t\t\t\n\t\t\t\t\t\n\t\t\t\n\t\t\t<h2 class=\"post-title-alt\">\n\t\t\t\t\t\t\t\n\t\t\t\t<a href=\"https:\/\/yelon.hu\/szuloknek\/tavoktatas-es-adatvedelem\/\">\u00daj helyzet, \u00faj kih\u00edv\u00e1sok: a t\u00e1voktat\u00e1s \u00e9s a szem\u00e9lyes adatok<\/a>\n\t\t\t\t\t\n\t\t\t\t\t\t\t<\/h2>\n\t\t\t\n\t\t\n\t<\/div>\t\t\n\t\t<\/div>\n\t\t\n\t<\/div><!-- .post-header -->\n\n\t\t<div class=\"post-content post-excerpt cf\">\n\t\t<p>A digit\u00e1lis oktat\u00e1s nem egyszer\u0171en internetfelhaszn\u00e1l\u00e1st jelent: a tantermen k\u00edv\u00fcli tan\u00edt\u00e1s sor\u00e1n mindennaposs\u00e1 v\u00e1lik a k\u00fcl\u00f6nf\u00e9le online fel\u00fcletek haszn\u00e1lata, ez pedig egy sor kor\u00e1bban fel sem mer\u00fclt probl\u00e9m\u00e1t vet fel: az adatv\u00e9delemet \u00e9s az adatbiztons\u00e1got. <\/p>\n\t\t\t\n\t<\/div><!-- .post-content -->\n\t\t\n\t\t<div class=\"post-footer\">\n\t\t\n\t\t\n\t\n\t\n\t<ul class=\"social-share\">\n\t\t\n\t\t\t\t\n\t\t<li>\n\t\t\t<a href=\"http:\/\/www.facebook.com\/sharer.php?u=https%3A%2F%2Fyelon.hu%2Fszuloknek%2Ftavoktatas-es-adatvedelem%2F\" class=\"fa fa-facebook\" target=\"_blank\" title=\"Megoszt\u00e1s Facebookon\"><\/a>\n\t\t<\/li>\n\t\t\n\t\t<li>\n\t\t\t<a href=\"http:\/\/twitter.com\/home?status=https%3A%2F%2Fyelon.hu%2Fszuloknek%2Ftavoktatas-es-adatvedelem%2F\" class=\"fa fa-twitter\" target=\"_blank\" title=\"Megoszt\u00e1s Twitteren\"><\/a>\n\t\t<\/li>\n\t\t\n\t\t<li>\n\t\t\t<a href=\"http:\/\/plus.google.com\/share?url=https%3A%2F%2Fyelon.hu%2Fszuloknek%2Ftavoktatas-es-adatvedelem%2F\" class=\"fa fa-google-plus\" target=\"_blank\" title=\"Megoszt\u00e1s Google+-on\"><\/a>\n\t\t<\/li>\n\t\t\n\t\t<li>\n\t\t\t<a href=\"http:\/\/pinterest.com\/pin\/create\/button\/?url=https%3A%2F%2Fyelon.hu%2Fszuloknek%2Ftavoktatas-es-adatvedelem%2F&amp;media=https%3A%2F%2Fyelon.hu%2Fszuloknek%2Fwp-content%2Fuploads%2F2020%2F11%2Fszemelyes-adatok-vedelme-tavoktatas.jpg\" class=\"fa fa-pinterest-p\" target=\"_blank\" title=\"Megoszt\u00e1s Pinteresten\"><\/a>\n\t\t<\/li>\n\n\t\t\n\t<\/ul>\n\n\t\t\n\t<\/div>\n\t\t\n\t\t\n<\/article>\n\t\t\t\t\t<\/div>\n\t\t\t\t\t\n\t\t\t\t\t\t\t\t\t\n\t\t\t\t\t\t\n\t\t\t\t\t\n\t\t\t\t\t\t\n\t\t\t\t\t\t\n\t\t\t\t\t\t\t\t\n\t\t\t\t\t<div class=\"col-4\">\t\n\t\t\t\t\t\t\n<article id=\"post-5284\" class=\"grid-post post-5284 post type-post status-publish format-standard has-post-thumbnail category-online-digitalis-szuloseg tag-biztonsagban-a-neten tag-cyberbullying tag-digitalis-labnyom tag-digitalis-szuloseg tag-kozossegi-media tag-netbiztonsag tag-online-bantalmazas tag-online-biztonsag tag-online-ter tag-porno tag-szuloi-minta tag-virtualis-valosag has-excerpt grid-cols-3\">\n\t\n\t<div class=\"post-header cf\">\n\t\t\t\n\t\t<div class=\"post-thumb\">\n\t\t\t<a href=\"https:\/\/yelon.hu\/szuloknek\/7-napos-online-biztonsag-kurzus\/\" class=\"image-link\">\n\t\t\t\n\t\t\t\t<img width=\"370\" height=\"247\" src=\"https:\/\/yelon.hu\/szuloknek\/wp-content\/uploads\/2020\/11\/online-biztonsag-e-mail-kurzus-370x247.jpg\" class=\"attachment-cheerup-grid size-cheerup-grid wp-post-image\" alt=\"Online biztons\u00e1g, e-mail kurzus, digit\u00e1lis sz\u00fcl\u0151\" loading=\"lazy\" title=\"Biztons\u00e1gban a neten: 7 r\u00e9szes e-mail-kurzus sz\u00fcl\u0151knek\" srcset=\"https:\/\/yelon.hu\/szuloknek\/wp-content\/uploads\/2020\/11\/online-biztonsag-e-mail-kurzus-370x247.jpg 370w, https:\/\/yelon.hu\/szuloknek\/wp-content\/uploads\/2020\/11\/online-biztonsag-e-mail-kurzus-300x200.jpg 300w, https:\/\/yelon.hu\/szuloknek\/wp-content\/uploads\/2020\/11\/online-biztonsag-e-mail-kurzus-1024x683.jpg 1024w, https:\/\/yelon.hu\/szuloknek\/wp-content\/uploads\/2020\/11\/online-biztonsag-e-mail-kurzus-768x512.jpg 768w, https:\/\/yelon.hu\/szuloknek\/wp-content\/uploads\/2020\/11\/online-biztonsag-e-mail-kurzus-1536x1024.jpg 1536w, https:\/\/yelon.hu\/szuloknek\/wp-content\/uploads\/2020\/11\/online-biztonsag-e-mail-kurzus-270x180.jpg 270w, https:\/\/yelon.hu\/szuloknek\/wp-content\/uploads\/2020\/11\/online-biztonsag-e-mail-kurzus-770x515.jpg 770w, https:\/\/yelon.hu\/szuloknek\/wp-content\/uploads\/2020\/11\/online-biztonsag-e-mail-kurzus-110x73.jpg 110w\" sizes=\"(max-width: 370px) 100vw, 370px\" \/>\t\t\t\t\t\n\t\t\t\t\n\t\t\t<\/a>\n\t\t\t\n\t\t\t\t\t\n\t\t<span class=\"cat-label cf\">\t\t\t\t\t\n\t\t<a href=\"https:\/\/yelon.hu\/szuloknek\/category\/online-digitalis-szuloseg\/\" class=\"category\">Online<\/a>\n\n\t\t<\/span>\n\t\t\n\t\t\t\t<\/div>\n\t\t\n\t\t<div class=\"meta-title\">\n\t\t\n\t\t\t\t<div class=\"post-meta post-meta-a\">\n\t\t\n\t\t\t\t\n\t\t\t<span class=\"post-cat\">\t\n\t\t\t\t\t\t\t\t\t\n\t\t<a href=\"https:\/\/yelon.hu\/szuloknek\/category\/online-digitalis-szuloseg\/\" class=\"category\">Online<\/a>\n\n\t\t\t\t\t<\/span>\n\t\t\t\n\t\t\t<span class=\"meta-sep\"><\/span>\n\t\t\t\n\t\t\t\t\t\n\t\t\t\t\n\t\t\t\t\t\n\t\t\t\n\t\t\t<h2 class=\"post-title-alt\">\n\t\t\t\t\t\t\t\n\t\t\t\t<a href=\"https:\/\/yelon.hu\/szuloknek\/7-napos-online-biztonsag-kurzus\/\">Biztons\u00e1gban a neten: 7 r\u00e9szes e-mail-kurzus sz\u00fcl\u0151knek<\/a>\n\t\t\t\t\t\n\t\t\t\t\t\t\t<\/h2>\n\t\t\t\n\t\t\n\t<\/div>\t\t\n\t\t<\/div>\n\t\t\n\t<\/div><!-- .post-header -->\n\n\t\t<div class=\"post-content post-excerpt cf\">\n\t\t<p>Ahhoz, hogy egy gyerek biztons\u00e1gban, biztons\u00e1ggal tudja haszn\u00e1lni a netet, sz\u00fcks\u00e9ge lesz a feln\u0151ttek folyamatos t\u00e1mogat\u00e1s\u00e1ra \u2013 a feln\u0151tteknek pedig ehhez inform\u00e1ci\u00f3kra \u00e9s eszk\u00f6z\u00f6kre van sz\u00fcks\u00e9g\u00fck.<\/p>\n\t\t\t\n\t<\/div><!-- .post-content -->\n\t\t\n\t\t<div class=\"post-footer\">\n\t\t\n\t\t\n\t\n\t\n\t<ul class=\"social-share\">\n\t\t\n\t\t\t\t\n\t\t<li>\n\t\t\t<a href=\"http:\/\/www.facebook.com\/sharer.php?u=https%3A%2F%2Fyelon.hu%2Fszuloknek%2F7-napos-online-biztonsag-kurzus%2F\" class=\"fa fa-facebook\" target=\"_blank\" title=\"Megoszt\u00e1s Facebookon\"><\/a>\n\t\t<\/li>\n\t\t\n\t\t<li>\n\t\t\t<a href=\"http:\/\/twitter.com\/home?status=https%3A%2F%2Fyelon.hu%2Fszuloknek%2F7-napos-online-biztonsag-kurzus%2F\" class=\"fa fa-twitter\" target=\"_blank\" title=\"Megoszt\u00e1s Twitteren\"><\/a>\n\t\t<\/li>\n\t\t\n\t\t<li>\n\t\t\t<a href=\"http:\/\/plus.google.com\/share?url=https%3A%2F%2Fyelon.hu%2Fszuloknek%2F7-napos-online-biztonsag-kurzus%2F\" class=\"fa fa-google-plus\" target=\"_blank\" title=\"Megoszt\u00e1s Google+-on\"><\/a>\n\t\t<\/li>\n\t\t\n\t\t<li>\n\t\t\t<a href=\"http:\/\/pinterest.com\/pin\/create\/button\/?url=https%3A%2F%2Fyelon.hu%2Fszuloknek%2F7-napos-online-biztonsag-kurzus%2F&amp;media=https%3A%2F%2Fyelon.hu%2Fszuloknek%2Fwp-content%2Fuploads%2F2020%2F11%2Fonline-biztonsag-e-mail-kurzus.jpg\" class=\"fa fa-pinterest-p\" target=\"_blank\" title=\"Megoszt\u00e1s Pinteresten\"><\/a>\n\t\t<\/li>\n\n\t\t\n\t<\/ul>\n\n\t\t\n\t<\/div>\n\t\t\n\t\t\n<\/article>\n\t\t\t\t\t<\/div>\n\t\t\t\t\t\n\t\t\t\t\t\t\t\t\t\n\t\t\t\t\t\t\n\t\t\t\t\t\n\t\t\t\t\t\t\n\t\t\t\t\t\t\n\t\t\t\t\t\t\t\t\n\t\t\t\t\t<div class=\"col-4\">\t\n\t\t\t\t\t\t\n<article id=\"post-2854\" class=\"grid-post post-2854 post type-post status-publish format-standard has-post-thumbnail category-online-digitalis-szuloseg tag-bantalmazas tag-bullying tag-digitalis-neveles tag-digitalis-szemelyazonossag tag-digitalis-szuloseg tag-facebook tag-internet-nem-felejt tag-kockazat tag-megalazas tag-net tag-nyilvanossag tag-online-bantalmazas tag-online-biztonsag tag-online-kirekesztes tag-online-ter tag-online-zaklatas tag-publikus-poszt tag-szemelyisegi-jogok tag-virtualis tag-virtualis-valosag tag-visszaeles has-excerpt grid-cols-3\">\n\t\n\t<div class=\"post-header cf\">\n\t\t\t\n\t\t<div class=\"post-thumb\">\n\t\t\t<a href=\"https:\/\/yelon.hu\/szuloknek\/online-bantalmazas\/\" class=\"image-link\">\n\t\t\t\n\t\t\t\t<img width=\"370\" height=\"247\" src=\"https:\/\/yelon.hu\/szuloknek\/wp-content\/uploads\/2019\/12\/eduardo-vazquez-bullying-megalazas-zaklatas-370x247.jpg\" class=\"attachment-cheerup-grid size-cheerup-grid wp-post-image\" alt=\"Online zaklat\u00e1s\" loading=\"lazy\" title=\"Online b\u00e1ntalmaz\u00e1s: \u00edgy \u00f3vhatjuk meg a gyerekeket\" srcset=\"https:\/\/yelon.hu\/szuloknek\/wp-content\/uploads\/2019\/12\/eduardo-vazquez-bullying-megalazas-zaklatas-370x247.jpg 370w, https:\/\/yelon.hu\/szuloknek\/wp-content\/uploads\/2019\/12\/eduardo-vazquez-bullying-megalazas-zaklatas-300x201.jpg 300w, https:\/\/yelon.hu\/szuloknek\/wp-content\/uploads\/2019\/12\/eduardo-vazquez-bullying-megalazas-zaklatas-1024x687.jpg 1024w, https:\/\/yelon.hu\/szuloknek\/wp-content\/uploads\/2019\/12\/eduardo-vazquez-bullying-megalazas-zaklatas-768x515.jpg 768w, https:\/\/yelon.hu\/szuloknek\/wp-content\/uploads\/2019\/12\/eduardo-vazquez-bullying-megalazas-zaklatas-1536x1030.jpg 1536w, https:\/\/yelon.hu\/szuloknek\/wp-content\/uploads\/2019\/12\/eduardo-vazquez-bullying-megalazas-zaklatas-270x180.jpg 270w, https:\/\/yelon.hu\/szuloknek\/wp-content\/uploads\/2019\/12\/eduardo-vazquez-bullying-megalazas-zaklatas-770x515.jpg 770w, https:\/\/yelon.hu\/szuloknek\/wp-content\/uploads\/2019\/12\/eduardo-vazquez-bullying-megalazas-zaklatas-110x73.jpg 110w\" sizes=\"(max-width: 370px) 100vw, 370px\" \/>\t\t\t\t\t\n\t\t\t\t\n\t\t\t<\/a>\n\t\t\t\n\t\t\t\t\t\n\t\t<span class=\"cat-label cf\">\t\t\t\t\t\n\t\t<a href=\"https:\/\/yelon.hu\/szuloknek\/category\/online-digitalis-szuloseg\/\" class=\"category\">Online<\/a>\n\n\t\t<\/span>\n\t\t\n\t\t\t\t<\/div>\n\t\t\n\t\t<div class=\"meta-title\">\n\t\t\n\t\t\t\t<div class=\"post-meta post-meta-a\">\n\t\t\n\t\t\t\t\n\t\t\t<span class=\"post-cat\">\t\n\t\t\t\t\t\t\t\t\t\n\t\t<a href=\"https:\/\/yelon.hu\/szuloknek\/category\/online-digitalis-szuloseg\/\" class=\"category\">Online<\/a>\n\n\t\t\t\t\t<\/span>\n\t\t\t\n\t\t\t<span class=\"meta-sep\"><\/span>\n\t\t\t\n\t\t\t\t\t\n\t\t\t\t\n\t\t\t\t\t\n\t\t\t\n\t\t\t<h2 class=\"post-title-alt\">\n\t\t\t\t\t\t\t\n\t\t\t\t<a href=\"https:\/\/yelon.hu\/szuloknek\/online-bantalmazas\/\">Online b\u00e1ntalmaz\u00e1s: \u00edgy \u00f3vhatjuk meg a gyerekeket<\/a>\n\t\t\t\t\t\n\t\t\t\t\t\t\t<\/h2>\n\t\t\t\n\t\t\n\t<\/div>\t\t\n\t\t<\/div>\n\t\t\n\t<\/div><!-- .post-header -->\n\n\t\t<div class=\"post-content post-excerpt cf\">\n\t\t<p>Az internetes zaklat\u00e1s, kik\u00f6z\u00f6s\u00edt\u00e9s \u00e9rintettjei igazi emberek, ahogy a f\u00e1jdalma is igazi. Mit tehetsz sz\u00fcl\u0151k\u00e9nt, hogy a gyereked biztons\u00e1gban lehessen a neten?<\/p>\n\t\t\t\n\t<\/div><!-- .post-content -->\n\t\t\n\t\t<div class=\"post-footer\">\n\t\t\n\t\t\n\t\n\t\n\t<ul class=\"social-share\">\n\t\t\n\t\t\t\t\n\t\t<li>\n\t\t\t<a href=\"http:\/\/www.facebook.com\/sharer.php?u=https%3A%2F%2Fyelon.hu%2Fszuloknek%2Fonline-bantalmazas%2F\" class=\"fa fa-facebook\" target=\"_blank\" title=\"Megoszt\u00e1s Facebookon\"><\/a>\n\t\t<\/li>\n\t\t\n\t\t<li>\n\t\t\t<a href=\"http:\/\/twitter.com\/home?status=https%3A%2F%2Fyelon.hu%2Fszuloknek%2Fonline-bantalmazas%2F\" class=\"fa fa-twitter\" target=\"_blank\" title=\"Megoszt\u00e1s Twitteren\"><\/a>\n\t\t<\/li>\n\t\t\n\t\t<li>\n\t\t\t<a href=\"http:\/\/plus.google.com\/share?url=https%3A%2F%2Fyelon.hu%2Fszuloknek%2Fonline-bantalmazas%2F\" class=\"fa fa-google-plus\" target=\"_blank\" title=\"Megoszt\u00e1s Google+-on\"><\/a>\n\t\t<\/li>\n\t\t\n\t\t<li>\n\t\t\t<a href=\"http:\/\/pinterest.com\/pin\/create\/button\/?url=https%3A%2F%2Fyelon.hu%2Fszuloknek%2Fonline-bantalmazas%2F&amp;media=https%3A%2F%2Fyelon.hu%2Fszuloknek%2Fwp-content%2Fuploads%2F2019%2F12%2Feduardo-vazquez-bullying-megalazas-zaklatas-scaled.jpg\" class=\"fa fa-pinterest-p\" target=\"_blank\" title=\"Megoszt\u00e1s Pinteresten\"><\/a>\n\t\t<\/li>\n\n\t\t\n\t<\/ul>\n\n\t\t\n\t<\/div>\n\t\t\n\t\t\n<\/article>\n\t\t\t\t\t<\/div>\n\t\t\t\t\t\n\t\t\t\t\t\t\t\t\t\n\t\t\t\t\t\t\n\t\t\t\t\t\n\t\t\t\t\t\t\n\t\t\t\t\t\t\n\t\t\t\t\t\t\t\t\n\t\t\t\t\t<div class=\"col-4\">\t\n\t\t\t\t\t\t\n<article id=\"post-5713\" class=\"grid-post post-5713 post type-post status-publish format-standard has-post-thumbnail category-online-digitalis-szuloseg category-szuloseg tag-buszkeseg tag-gyerekfotok tag-internet tag-karacsony tag-kepmegosztas tag-meghitt-pillanatok tag-megosztas tag-online-biztonsag tag-posztolas tag-posztolni tag-szabalyok tag-tudatossag tag-visszaeles has-excerpt grid-cols-3\">\n\t\n\t<div class=\"post-header cf\">\n\t\t\t\n\t\t<div class=\"post-thumb\">\n\t\t\t<a href=\"https:\/\/yelon.hu\/szuloknek\/posztolas-vs-egyutt-toltott-ido\/\" class=\"image-link\">\n\t\t\t\n\t\t\t\t<img width=\"370\" height=\"247\" src=\"https:\/\/yelon.hu\/szuloknek\/wp-content\/uploads\/2021\/12\/fotozas-370x247.jpg\" class=\"attachment-cheerup-grid size-cheerup-grid wp-post-image\" alt=\"posztolas-vs-egyutt-toltott-ido\" loading=\"lazy\" title=\"Posztol\u00e1s vs. egy\u00fctt t\u00f6lt\u00f6tt id\u0151 &#8211; hol a hat\u00e1r?\" srcset=\"https:\/\/yelon.hu\/szuloknek\/wp-content\/uploads\/2021\/12\/fotozas-370x247.jpg 370w, https:\/\/yelon.hu\/szuloknek\/wp-content\/uploads\/2021\/12\/fotozas-270x180.jpg 270w, https:\/\/yelon.hu\/szuloknek\/wp-content\/uploads\/2021\/12\/fotozas-110x73.jpg 110w\" sizes=\"(max-width: 370px) 100vw, 370px\" \/>\t\t\t\t\t\n\t\t\t\t\n\t\t\t<\/a>\n\t\t\t\n\t\t\t\t\t\n\t\t<span class=\"cat-label cf\">\t\t\t\t\t\n\t\t<a href=\"https:\/\/yelon.hu\/szuloknek\/category\/online-digitalis-szuloseg\/\" class=\"category\">Online<\/a>\n\n\t\t<\/span>\n\t\t\n\t\t\t\t<\/div>\n\t\t\n\t\t<div class=\"meta-title\">\n\t\t\n\t\t\t\t<div class=\"post-meta post-meta-a\">\n\t\t\n\t\t\t\t\n\t\t\t<span class=\"post-cat\">\t\n\t\t\t\t\t\t\t\t\t\n\t\t<a href=\"https:\/\/yelon.hu\/szuloknek\/category\/online-digitalis-szuloseg\/\" class=\"category\">Online<\/a>\n\n\t\t\t\t\t<\/span>\n\t\t\t\n\t\t\t<span class=\"meta-sep\"><\/span>\n\t\t\t\n\t\t\t\t\t\n\t\t\t\t\n\t\t\t\t\t\n\t\t\t\n\t\t\t<h2 class=\"post-title-alt\">\n\t\t\t\t\t\t\t\n\t\t\t\t<a href=\"https:\/\/yelon.hu\/szuloknek\/posztolas-vs-egyutt-toltott-ido\/\">Posztol\u00e1s vs. egy\u00fctt t\u00f6lt\u00f6tt id\u0151 &#8211; hol a hat\u00e1r?<\/a>\n\t\t\t\t\t\n\t\t\t\t\t\t\t<\/h2>\n\t\t\t\n\t\t\n\t<\/div>\t\t\n\t\t<\/div>\n\t\t\n\t<\/div><!-- .post-header -->\n\n\t\t<div class=\"post-content post-excerpt cf\">\n\t\t<p>Term\u00e9szetes, ha b\u00fcszk\u00e9k vagyunk a gyerek\u00fcnkre \u00e9s ezt megosztan\u00e1nk a vil\u00e1ggal. De fontos, hogy megtal\u00e1ljuk ebben a hat\u00e1rt a gyerek\u00fcnk v\u00e9delme \u00e9rdek\u00e9ben.<\/p>\n\t\t\t\n\t<\/div><!-- .post-content -->\n\t\t\n\t\t<div class=\"post-footer\">\n\t\t\n\t\t\n\t\n\t\n\t<ul class=\"social-share\">\n\t\t\n\t\t\t\t\n\t\t<li>\n\t\t\t<a href=\"http:\/\/www.facebook.com\/sharer.php?u=https%3A%2F%2Fyelon.hu%2Fszuloknek%2Fposztolas-vs-egyutt-toltott-ido%2F\" class=\"fa fa-facebook\" target=\"_blank\" title=\"Megoszt\u00e1s Facebookon\"><\/a>\n\t\t<\/li>\n\t\t\n\t\t<li>\n\t\t\t<a href=\"http:\/\/twitter.com\/home?status=https%3A%2F%2Fyelon.hu%2Fszuloknek%2Fposztolas-vs-egyutt-toltott-ido%2F\" class=\"fa fa-twitter\" target=\"_blank\" title=\"Megoszt\u00e1s Twitteren\"><\/a>\n\t\t<\/li>\n\t\t\n\t\t<li>\n\t\t\t<a href=\"http:\/\/plus.google.com\/share?url=https%3A%2F%2Fyelon.hu%2Fszuloknek%2Fposztolas-vs-egyutt-toltott-ido%2F\" class=\"fa fa-google-plus\" target=\"_blank\" title=\"Megoszt\u00e1s Google+-on\"><\/a>\n\t\t<\/li>\n\t\t\n\t\t<li>\n\t\t\t<a href=\"http:\/\/pinterest.com\/pin\/create\/button\/?url=https%3A%2F%2Fyelon.hu%2Fszuloknek%2Fposztolas-vs-egyutt-toltott-ido%2F&amp;media=https%3A%2F%2Fyelon.hu%2Fszuloknek%2Fwp-content%2Fuploads%2F2021%2F12%2Ffotozas.jpg\" class=\"fa fa-pinterest-p\" target=\"_blank\" title=\"Megoszt\u00e1s Pinteresten\"><\/a>\n\t\t<\/li>\n\n\t\t\n\t<\/ul>\n\n\t\t\n\t<\/div>\n\t\t\n\t\t\n<\/article>\n\t\t\t\t\t<\/div>\n\t\t\t\t\t\n\t\t\t\t\t\t\t\t\t\n\t\t\t\t\t\t\n\t\t\t\t\n\t\t<\/div>\n\t<\/div>\n\t\n\t\n\t\t\t<\/div>\n\t\n\t<\/section>\n\n[\/vc_column][\/vc_row][vc_row][vc_column][vc_btn title=&#8221;Adatv\u00e9delmi nyilatkozat&#8221; style=&#8221;flat&#8221; size=&#8221;lg&#8221; align=&#8221;center&#8221; button_block=&#8221;true&#8221; link=&#8221;url:https%3A%2F%2Fyelon.hu%2F2018%2F05%2F24%2Fadatvedelmi-nyilatkozat%2F|||&#8221;][\/vc_column][\/vc_row]<\/p>\n","protected":false},"excerpt":{"rendered":"<p>[vc_row][vc_column width=&#8221;2\/3&#8243;][\/vc_column][vc_column width=&#8221;1\/3&#8243;][vc_wp_tagcloud title=&#8221;C\u00edmk\u00e9k&#8221; taxonomy=&#8221;post_tag&#8221;][\/vc_column][\/vc_row][vc_row][vc_column][\/vc_column][\/vc_row][vc_row][vc_column][vc_btn title=&#8221;Adatv\u00e9delmi nyilatkozat&#8221; style=&#8221;flat&#8221; size=&#8221;lg&#8221; align=&#8221;center&#8221; button_block=&#8221;true&#8221; link=&#8221;url:https%3A%2F%2Fyelon.hu%2F2018%2F05%2F24%2Fadatvedelmi-nyilatkozat%2F|||&#8221;][\/vc_column][\/vc_row]<\/p>\n","protected":false},"author":1,"featured_media":3176,"parent":0,"menu_order":0,"comment_status":"closed","ping_status":"closed","template":"page-blocks.php","meta":[],"yoast_head":"<!-- This site is optimized with the Yoast SEO plugin v15.1 - https:\/\/yoast.com\/wordpress\/plugins\/seo\/ -->\n<title>Yelon - a sz\u00fcl\u0151s\u00e9g tanulhat\u00f3 - Yelon<\/title>\n<meta name=\"description\" content=\"A Yelon sz\u00fcl\u0151i oldal\u00e1n gyermekk\u00f6zpont\u00fa inform\u00e1ci\u00f3kat tal\u00e1lsz digit\u00e1lis sz\u00fcl\u0151s\u00e9gt\u0151l kezdve a szexu\u00e1lis eduk\u00e1ci\u00f3n \u00e1t az iskolai neh\u00e9zs\u00e9gekig.\" \/>\n<meta name=\"robots\" content=\"index, follow, max-snippet:-1, max-image-preview:large, max-video-preview:-1\" \/>\n<link rel=\"canonical\" href=\"https:\/\/yelon.hu\/szuloknek\/\" \/>\n<meta property=\"og:locale\" content=\"hu_HU\" \/>\n<meta property=\"og:type\" content=\"article\" \/>\n<meta property=\"og:title\" content=\"Yelon - a sz\u00fcl\u0151s\u00e9g tanulhat\u00f3 - Yelon\" \/>\n<meta property=\"og:description\" content=\"A Yelon sz\u00fcl\u0151i oldal\u00e1n gyermekk\u00f6zpont\u00fa inform\u00e1ci\u00f3kat tal\u00e1lsz digit\u00e1lis sz\u00fcl\u0151s\u00e9gt\u0151l kezdve a szexu\u00e1lis eduk\u00e1ci\u00f3n \u00e1t az iskolai neh\u00e9zs\u00e9gekig.\" \/>\n<meta property=\"og:url\" content=\"https:\/\/yelon.hu\/szuloknek\/\" \/>\n<meta property=\"og:site_name\" content=\"Yelon\" \/>\n<meta property=\"article:modified_time\" content=\"2022-05-23T10:53:20+00:00\" \/>\n<meta property=\"og:image\" content=\"https:\/\/yelon.hu\/szuloknek\/wp-content\/uploads\/2019\/12\/srinivas-bandari-szulo-gyerek-kacsak-scaled.jpg\" \/>\n\t<meta property=\"og:image:width\" content=\"2560\" \/>\n\t<meta property=\"og:image:height\" content=\"1707\" \/>\n<meta name=\"twitter:card\" content=\"summary_large_image\" \/>\n<script type=\"application\/ld+json\" class=\"yoast-schema-graph\">{\"@context\":\"https:\/\/schema.org\",\"@graph\":[{\"@type\":\"WebSite\",\"@id\":\"https:\/\/yelon.hu\/szuloknek\/#website\",\"url\":\"https:\/\/yelon.hu\/szuloknek\/\",\"name\":\"Yelon\",\"description\":\"Kamaszoknak \\u00e9s sz\\u00fcl\\u0151knek sz\\u00f3l\\u00f3 online magazin\",\"potentialAction\":[{\"@type\":\"SearchAction\",\"target\":\"https:\/\/yelon.hu\/szuloknek\/?s={search_term_string}\",\"query-input\":\"required name=search_term_string\"}],\"inLanguage\":\"hu\"},{\"@type\":\"ImageObject\",\"@id\":\"https:\/\/yelon.hu\/szuloknek\/#primaryimage\",\"inLanguage\":\"hu\",\"url\":\"https:\/\/yelon.hu\/szuloknek\/wp-content\/uploads\/2019\/12\/srinivas-bandari-szulo-gyerek-kacsak-scaled.jpg\",\"width\":2560,\"height\":1707,\"caption\":\"Sz\\u00fcl\\u0151, gyerek, s\\u00edr\\u00f3 baba\"},{\"@type\":\"WebPage\",\"@id\":\"https:\/\/yelon.hu\/szuloknek\/#webpage\",\"url\":\"https:\/\/yelon.hu\/szuloknek\/\",\"name\":\"Yelon - a sz\\u00fcl\\u0151s\\u00e9g tanulhat\\u00f3 - Yelon\",\"isPartOf\":{\"@id\":\"https:\/\/yelon.hu\/szuloknek\/#website\"},\"primaryImageOfPage\":{\"@id\":\"https:\/\/yelon.hu\/szuloknek\/#primaryimage\"},\"datePublished\":\"2017-03-20T15:54:18+00:00\",\"dateModified\":\"2022-05-23T10:53:20+00:00\",\"description\":\"A Yelon sz\\u00fcl\\u0151i oldal\\u00e1n gyermekk\\u00f6zpont\\u00fa inform\\u00e1ci\\u00f3kat tal\\u00e1lsz digit\\u00e1lis sz\\u00fcl\\u0151s\\u00e9gt\\u0151l kezdve a szexu\\u00e1lis eduk\\u00e1ci\\u00f3n \\u00e1t az iskolai neh\\u00e9zs\\u00e9gekig.\",\"inLanguage\":\"hu\",\"potentialAction\":[{\"@type\":\"ReadAction\",\"target\":[\"https:\/\/yelon.hu\/szuloknek\/\"]}]}]}<\/script>\n<!-- \/ Yoast SEO plugin. -->","_links":{"self":[{"href":"https:\/\/yelon.hu\/szuloknek\/wp-json\/wp\/v2\/pages\/1109"}],"collection":[{"href":"https:\/\/yelon.hu\/szuloknek\/wp-json\/wp\/v2\/pages"}],"about":[{"href":"https:\/\/yelon.hu\/szuloknek\/wp-json\/wp\/v2\/types\/page"}],"author":[{"embeddable":true,"href":"https:\/\/yelon.hu\/szuloknek\/wp-json\/wp\/v2\/users\/1"}],"replies":[{"embeddable":true,"href":"https:\/\/yelon.hu\/szuloknek\/wp-json\/wp\/v2\/comments?post=1109"}],"version-history":[{"count":54,"href":"https:\/\/yelon.hu\/szuloknek\/wp-json\/wp\/v2\/pages\/1109\/revisions"}],"predecessor-version":[{"id":5805,"href":"https:\/\/yelon.hu\/szuloknek\/wp-json\/wp\/v2\/pages\/1109\/revisions\/5805"}],"wp:featuredmedia":[{"embeddable":true,"href":"https:\/\/yelon.hu\/szuloknek\/wp-json\/wp\/v2\/media\/3176"}],"wp:attachment":[{"href":"https:\/\/yelon.hu\/szuloknek\/wp-json\/wp\/v2\/media?parent=1109"}],"curies":[{"name":"wp","href":"https:\/\/api.w.org\/{rel}","templated":true}]}}